{"id":4,"date":"2017-07-18T11:57:49","date_gmt":"2017-07-18T09:57:49","guid":{"rendered":"http:\/\/www.grundeinkommen-ist-waehlbar.de\/btw2017\/?page_id=4"},"modified":"2017-08-23T18:00:21","modified_gmt":"2017-08-23T16:00:21","slug":"kandidierende","status":"publish","type":"page","link":"https:\/\/www.grundeinkommen-ist-waehlbar.de\/2017-de\/kandidierende\/","title":{"rendered":"Kandidierende"},"content":{"rendered":"<p>Gibt es in Ihrem Wahlkreis eine\/n Kandidierenden, der\/die sich f\u00fcr ein bedingungsloses Grundeinkommen ausspricht? Wo k\u00f6nnen Sie Grundeinkommen w\u00e4hlen? Hier werden nur Wahlkreise angezeigt, in denen mindestens ein\/e Kandidat\/in f\u00fcr das Grundeinkommen ist. Finden Sie Kandidierende, indem Sie den entsprechenden Wahlkreis anklicken:<\/p>\n\t<li class=\"cat-item cat-item-22\"><a href=\"https:\/\/www.grundeinkommen-ist-waehlbar.de\/2017-de\/kandidatinnen\/wahlkreise\/baden-wuerttemberg\/\">Baden-W\u00fcrttemberg<\/a>\n<ul class='children'>\n\t<li class=\"cat-item cat-item-312\"><a href=\"https:\/\/www.grundeinkommen-ist-waehlbar.de\/2017-de\/kandidatinnen\/wahlkreise\/baden-wuerttemberg\/wahlkreis-258\/\">Wahlkreis 258 (Stuttgart I)<\/a>\n<\/li>\n\t<li class=\"cat-item cat-item-325\"><a href=\"https:\/\/www.grundeinkommen-ist-waehlbar.de\/2017-de\/kandidatinnen\/wahlkreise\/baden-wuerttemberg\/wahlkreis-271\/\">Wahlkreis 271 (Karlsruhe-Stadt)<\/a>\n<\/li>\n\t<li class=\"cat-item cat-item-327\"><a href=\"https:\/\/www.grundeinkommen-ist-waehlbar.de\/2017-de\/kandidatinnen\/wahlkreise\/baden-wuerttemberg\/wahlkreis-273\/\">Wahlkreis 273 (Rastatt)<\/a>\n<\/li>\n\t<li class=\"cat-item cat-item-329\"><a href=\"https:\/\/www.grundeinkommen-ist-waehlbar.de\/2017-de\/kandidatinnen\/wahlkreise\/baden-wuerttemberg\/wahlkreis-275\/\">Wahlkreis 275 (Mannheim)<\/a>\n<\/li>\n\t<li class=\"cat-item cat-item-330\"><a href=\"https:\/\/www.grundeinkommen-ist-waehlbar.de\/2017-de\/kandidatinnen\/wahlkreise\/baden-wuerttemberg\/wahlkreis-276\/\">Wahlkreis 276 (Odenwald &#8211; Tauber)<\/a>\n<\/li>\n\t<li class=\"cat-item cat-item-331\"><a href=\"https:\/\/www.grundeinkommen-ist-waehlbar.de\/2017-de\/kandidatinnen\/wahlkreise\/baden-wuerttemberg\/wahlkreis-277\/\">Wahlkreis 277 (Rhein-Neckar)<\/a>\n<\/li>\n\t<li class=\"cat-item cat-item-335\"><a href=\"https:\/\/www.grundeinkommen-ist-waehlbar.de\/2017-de\/kandidatinnen\/wahlkreise\/baden-wuerttemberg\/wahlkreis-281\/\">Wahlkreis 281 (Freiburg)<\/a>\n<\/li>\n\t<li class=\"cat-item cat-item-336\"><a href=\"https:\/\/www.grundeinkommen-ist-waehlbar.de\/2017-de\/kandidatinnen\/wahlkreise\/baden-wuerttemberg\/wahlkreis-282\/\">Wahlkreis 282 (L\u00f6rrach &#8211; M\u00fcllheim)<\/a>\n<\/li>\n\t<li class=\"cat-item cat-item-340\"><a href=\"https:\/\/www.grundeinkommen-ist-waehlbar.de\/2017-de\/kandidatinnen\/wahlkreise\/baden-wuerttemberg\/wahlkreis-286\/\">Wahlkreis 286 (Schwarzwald-Baar)<\/a>\n<\/li>\n\t<li class=\"cat-item cat-item-343\"><a href=\"https:\/\/www.grundeinkommen-ist-waehlbar.de\/2017-de\/kandidatinnen\/wahlkreise\/baden-wuerttemberg\/wahlkreis-289\/\">Wahlkreis 289 (Reutlingen)<\/a>\n<\/li>\n\t<li class=\"cat-item cat-item-344\"><a href=\"https:\/\/www.grundeinkommen-ist-waehlbar.de\/2017-de\/kandidatinnen\/wahlkreise\/baden-wuerttemberg\/wahlkreis-290\/\">Wahlkreis 290 (T\u00fcbingen)<\/a>\n<\/li>\n\t<li class=\"cat-item cat-item-345\"><a href=\"https:\/\/www.grundeinkommen-ist-waehlbar.de\/2017-de\/kandidatinnen\/wahlkreise\/baden-wuerttemberg\/wahlkreis-291\/\">Wahlkreis 291 (Ulm)<\/a>\n<\/li>\n<\/ul>\n<\/li>\n\t<li class=\"cat-item cat-item-21\"><a href=\"https:\/\/www.grundeinkommen-ist-waehlbar.de\/2017-de\/kandidatinnen\/wahlkreise\/bayern\/\">Bayern<\/a>\n<ul class='children'>\n\t<li class=\"cat-item cat-item-276\"><a href=\"https:\/\/www.grundeinkommen-ist-waehlbar.de\/2017-de\/kandidatinnen\/wahlkreise\/bayern\/wahlkreis-222\/\">Wahlkreis 222 (Rosenheim)<\/a>\n<\/li>\n\t<li class=\"cat-item cat-item-278\"><a href=\"https:\/\/www.grundeinkommen-ist-waehlbar.de\/2017-de\/kandidatinnen\/wahlkreise\/bayern\/wahlkreis-224\/\">Wahlkreis 224 (Starnberg &#8211; Landsberg am Lech)<\/a>\n<\/li>\n\t<li class=\"cat-item cat-item-279\"><a href=\"https:\/\/www.grundeinkommen-ist-waehlbar.de\/2017-de\/kandidatinnen\/wahlkreise\/bayern\/wahlkreis-225\/\">Wahlkreis 225 (Traunstein)<\/a>\n<\/li>\n\t<li class=\"cat-item cat-item-282\"><a href=\"https:\/\/www.grundeinkommen-ist-waehlbar.de\/2017-de\/kandidatinnen\/wahlkreise\/bayern\/wahlkreis-228\/\">Wahlkreis 228 (Landshut)<\/a>\n<\/li>\n\t<li class=\"cat-item cat-item-286\"><a href=\"https:\/\/www.grundeinkommen-ist-waehlbar.de\/2017-de\/kandidatinnen\/wahlkreise\/bayern\/wahlkreis-232\/\">Wahlkreis 232 (Amberg)<\/a>\n<\/li>\n\t<li class=\"cat-item cat-item-287\"><a href=\"https:\/\/www.grundeinkommen-ist-waehlbar.de\/2017-de\/kandidatinnen\/wahlkreise\/bayern\/wahlkreis-233\/\">Wahlkreis 233 (Regensburg)<\/a>\n<\/li>\n\t<li class=\"cat-item cat-item-289\"><a href=\"https:\/\/www.grundeinkommen-ist-waehlbar.de\/2017-de\/kandidatinnen\/wahlkreise\/bayern\/wahlkreis-235\/\">Wahlkreis 235 (Weiden)<\/a>\n<\/li>\n\t<li class=\"cat-item cat-item-298\"><a href=\"https:\/\/www.grundeinkommen-ist-waehlbar.de\/2017-de\/kandidatinnen\/wahlkreise\/bayern\/wahlkreis-244\/\">Wahlkreis 244 (N\u00fcrnberg-Nord)<\/a>\n<\/li>\n\t<li class=\"cat-item cat-item-299\"><a href=\"https:\/\/www.grundeinkommen-ist-waehlbar.de\/2017-de\/kandidatinnen\/wahlkreise\/bayern\/wahlkreis-245\/\">Wahlkreis 245 (N\u00fcrnberg-S\u00fcd)<\/a>\n<\/li>\n\t<li class=\"cat-item cat-item-300\"><a href=\"https:\/\/www.grundeinkommen-ist-waehlbar.de\/2017-de\/kandidatinnen\/wahlkreise\/bayern\/wahlkreis-246\/\">Wahlkreis 246 (Roth)<\/a>\n<\/li>\n\t<li class=\"cat-item cat-item-310\"><a href=\"https:\/\/www.grundeinkommen-ist-waehlbar.de\/2017-de\/kandidatinnen\/wahlkreise\/bayern\/wahlkreis-256\/\">Wahlkreis 256 (Oberallg\u00e4u)<\/a>\n<\/li>\n\t<li class=\"cat-item cat-item-311\"><a href=\"https:\/\/www.grundeinkommen-ist-waehlbar.de\/2017-de\/kandidatinnen\/wahlkreise\/bayern\/wahlkreis-257\/\">Wahlkreis 257 (Ostallg\u00e4u)<\/a>\n<\/li>\n<\/ul>\n<\/li>\n\t<li class=\"cat-item cat-item-15\"><a href=\"https:\/\/www.grundeinkommen-ist-waehlbar.de\/2017-de\/kandidatinnen\/wahlkreise\/berlin\/\">Berlin<\/a>\n<ul class='children'>\n\t<li class=\"cat-item cat-item-129\"><a href=\"https:\/\/www.grundeinkommen-ist-waehlbar.de\/2017-de\/kandidatinnen\/wahlkreise\/berlin\/wahlkreis-075\/\">Wahlkreis 075 (Berlin-Mitte)<\/a>\n<\/li>\n\t<li class=\"cat-item cat-item-131\"><a href=\"https:\/\/www.grundeinkommen-ist-waehlbar.de\/2017-de\/kandidatinnen\/wahlkreise\/berlin\/wahlkreis-077\/\">Wahlkreis 077 (Berlin-Reinickendorf)<\/a>\n<\/li>\n\t<li class=\"cat-item cat-item-132\"><a href=\"https:\/\/www.grundeinkommen-ist-waehlbar.de\/2017-de\/kandidatinnen\/wahlkreise\/berlin\/wahlkreis-078\/\">Wahlkreis 078 (Berlin-Spandau &#8211; Charlottenburg Nord)<\/a>\n<\/li>\n\t<li class=\"cat-item cat-item-133\"><a href=\"https:\/\/www.grundeinkommen-ist-waehlbar.de\/2017-de\/kandidatinnen\/wahlkreise\/berlin\/wahlkreis-079\/\">Wahlkreis 079 (Berlin-Steglitz &#8211; Sch\u00f6neberg)<\/a>\n<\/li>\n\t<li class=\"cat-item cat-item-134\"><a href=\"https:\/\/www.grundeinkommen-ist-waehlbar.de\/2017-de\/kandidatinnen\/wahlkreise\/berlin\/wahlkreis-080\/\">Wahlkreis 080 (Berlin-Charlottenburg &#8211; Wilmersdorf)<\/a>\n<\/li>\n\t<li class=\"cat-item cat-item-135\"><a href=\"https:\/\/www.grundeinkommen-ist-waehlbar.de\/2017-de\/kandidatinnen\/wahlkreise\/berlin\/wahlkreis-081\/\">Wahlkreis 081 (Berlin-Tempelhof &#8211; Sch\u00f6neberg)<\/a>\n<\/li>\n\t<li class=\"cat-item cat-item-136\"><a href=\"https:\/\/www.grundeinkommen-ist-waehlbar.de\/2017-de\/kandidatinnen\/wahlkreise\/berlin\/wahlkreis-082\/\">Wahlkreis 082 (Berlin-Neuk\u00f6lln)<\/a>\n<\/li>\n\t<li class=\"cat-item cat-item-137\"><a href=\"https:\/\/www.grundeinkommen-ist-waehlbar.de\/2017-de\/kandidatinnen\/wahlkreise\/berlin\/wahlkreis-083\/\">Wahlkreis 083 (Berlin-Freidrichshain &#8211; Kreuzberg &#8211; Prenzlauer Berg Ost)<\/a>\n<\/li>\n\t<li class=\"cat-item cat-item-139\"><a href=\"https:\/\/www.grundeinkommen-ist-waehlbar.de\/2017-de\/kandidatinnen\/wahlkreise\/berlin\/wahlkreis-085\/\">Wahlkreis 085 (Berlin-Marzahn &#8211; Hellersdorf)<\/a>\n<\/li>\n\t<li class=\"cat-item cat-item-140\"><a href=\"https:\/\/www.grundeinkommen-ist-waehlbar.de\/2017-de\/kandidatinnen\/wahlkreise\/berlin\/wahlkreis-086\/\">Wahlkreis 086 (Berlin-Lichtenberg)<\/a>\n<\/li>\n<\/ul>\n<\/li>\n\t<li class=\"cat-item cat-item-13\"><a href=\"https:\/\/www.grundeinkommen-ist-waehlbar.de\/2017-de\/kandidatinnen\/wahlkreise\/brandenburg\/\">Brandenburg<\/a>\n<ul class='children'>\n\t<li class=\"cat-item cat-item-110\"><a href=\"https:\/\/www.grundeinkommen-ist-waehlbar.de\/2017-de\/kandidatinnen\/wahlkreise\/brandenburg\/wahlkreis-056\/\">Wahlkreis 056 (Prignitz &#8211; Ostprignitz-Ruppin &#8211; Havelland I)<\/a>\n<\/li>\n\t<li class=\"cat-item cat-item-111\"><a href=\"https:\/\/www.grundeinkommen-ist-waehlbar.de\/2017-de\/kandidatinnen\/wahlkreise\/brandenburg\/wahlkreis-057\/\">Wahlkreis 057 (Uckermark &#8211; Barnim I)<\/a>\n<\/li>\n\t<li class=\"cat-item cat-item-112\"><a href=\"https:\/\/www.grundeinkommen-ist-waehlbar.de\/2017-de\/kandidatinnen\/wahlkreise\/brandenburg\/wahlkreis-058\/\">Wahlkreis 058 (Oberhavel &#8211; Havelland II)<\/a>\n<\/li>\n\t<li class=\"cat-item cat-item-114\"><a href=\"https:\/\/www.grundeinkommen-ist-waehlbar.de\/2017-de\/kandidatinnen\/wahlkreise\/brandenburg\/wahlkreis-060\/\">Wahlkreis 060 (Brandenberg an der Havel &#8211; Potsdam-Mittelmark I &#8211; Havelland III &#8211; Teltow-Fl\u00e4ming I)<\/a>\n<\/li>\n\t<li class=\"cat-item cat-item-115\"><a href=\"https:\/\/www.grundeinkommen-ist-waehlbar.de\/2017-de\/kandidatinnen\/wahlkreise\/brandenburg\/wahlkreis-061\/\">Wahlkreis 061 (Potsdam &#8211; Potsdam-Mittelmark II &#8211; Teltow-Fl\u00e4ming II)<\/a>\n<\/li>\n\t<li class=\"cat-item cat-item-116\"><a href=\"https:\/\/www.grundeinkommen-ist-waehlbar.de\/2017-de\/kandidatinnen\/wahlkreise\/brandenburg\/wahlkreis-062\/\">Wahlkreis 062 (Dahme-Spreewald &#8211; Teltow-Fl\u00e4ming III &#8211; Oberspreewald-Lausitz I)<\/a>\n<\/li>\n\t<li class=\"cat-item cat-item-117\"><a href=\"https:\/\/www.grundeinkommen-ist-waehlbar.de\/2017-de\/kandidatinnen\/wahlkreise\/brandenburg\/wahlkreis-063\/\">Wahlkreis 063 (Frankfurt (Oder) &#8211; Oder-Spree)<\/a>\n<\/li>\n<\/ul>\n<\/li>\n\t<li class=\"cat-item cat-item-12\"><a href=\"https:\/\/www.grundeinkommen-ist-waehlbar.de\/2017-de\/kandidatinnen\/wahlkreise\/bremen\/\">Bremen<\/a>\n<\/li>\n\t<li class=\"cat-item cat-item-10\"><a href=\"https:\/\/www.grundeinkommen-ist-waehlbar.de\/2017-de\/kandidatinnen\/wahlkreise\/hamburg\/\">Hamburg<\/a>\n<ul class='children'>\n\t<li class=\"cat-item cat-item-74\"><a href=\"https:\/\/www.grundeinkommen-ist-waehlbar.de\/2017-de\/kandidatinnen\/wahlkreise\/hamburg\/wahlkreis-020\/\">Wahlkreis 020 (Hamburg-Eimsb\u00fcttel)<\/a>\n<\/li>\n<\/ul>\n<\/li>\n\t<li class=\"cat-item cat-item-18\"><a href=\"https:\/\/www.grundeinkommen-ist-waehlbar.de\/2017-de\/kandidatinnen\/wahlkreise\/hessen\/\">Hessen<\/a>\n<ul class='children'>\n\t<li class=\"cat-item cat-item-222\"><a href=\"https:\/\/www.grundeinkommen-ist-waehlbar.de\/2017-de\/kandidatinnen\/wahlkreise\/hessen\/wahlkreis-168\/\">Wahlkreis 168 (Kassel)<\/a>\n<\/li>\n\t<li class=\"cat-item cat-item-223\"><a href=\"https:\/\/www.grundeinkommen-ist-waehlbar.de\/2017-de\/kandidatinnen\/wahlkreise\/hessen\/wahlkreis-169\/\">Wahlkreis 169 (Werra-Mei\u00dfner &#8211; Hersfeld-Rotenburg)<\/a>\n<\/li>\n\t<li class=\"cat-item cat-item-225\"><a href=\"https:\/\/www.grundeinkommen-ist-waehlbar.de\/2017-de\/kandidatinnen\/wahlkreise\/hessen\/wahlkreis-171\/\">Wahlkreis 171 (Marburg)<\/a>\n<\/li>\n\t<li class=\"cat-item cat-item-233\"><a href=\"https:\/\/www.grundeinkommen-ist-waehlbar.de\/2017-de\/kandidatinnen\/wahlkreise\/hessen\/wahlkreis-179\/\">Wahlkreis 179 (Wiesbaden)<\/a>\n<\/li>\n\t<li class=\"cat-item cat-item-237\"><a href=\"https:\/\/www.grundeinkommen-ist-waehlbar.de\/2017-de\/kandidatinnen\/wahlkreise\/hessen\/wahlkreis-183\/\">Wahlkreis 183 (Frankfurt am Main II)<\/a>\n<\/li>\n\t<li class=\"cat-item cat-item-238\"><a href=\"https:\/\/www.grundeinkommen-ist-waehlbar.de\/2017-de\/kandidatinnen\/wahlkreise\/hessen\/wahlkreis-184\/\">Wahlkreis 184 (Gro\u00df-Gerau)<\/a>\n<\/li>\n\t<li class=\"cat-item cat-item-239\"><a href=\"https:\/\/www.grundeinkommen-ist-waehlbar.de\/2017-de\/kandidatinnen\/wahlkreise\/hessen\/wahlkreis-185\/\">Wahlkreis 185 (Offenback)<\/a>\n<\/li>\n\t<li class=\"cat-item cat-item-241\"><a href=\"https:\/\/www.grundeinkommen-ist-waehlbar.de\/2017-de\/kandidatinnen\/wahlkreise\/hessen\/wahlkreis-187\/\">Wahlkreis 187 (Odenwald)<\/a>\n<\/li>\n\t<li class=\"cat-item cat-item-242\"><a href=\"https:\/\/www.grundeinkommen-ist-waehlbar.de\/2017-de\/kandidatinnen\/wahlkreise\/hessen\/wahlkreis-188\/\">Wahlkreis 188 (Bergstra\u00dfe)<\/a>\n<\/li>\n<\/ul>\n<\/li>\n\t<li class=\"cat-item cat-item-9\"><a href=\"https:\/\/www.grundeinkommen-ist-waehlbar.de\/2017-de\/kandidatinnen\/wahlkreise\/mecklenburg-vorpommern\/\">Mecklenburg-Vorpommern<\/a>\n<ul class='children'>\n\t<li class=\"cat-item cat-item-69\"><a href=\"https:\/\/www.grundeinkommen-ist-waehlbar.de\/2017-de\/kandidatinnen\/wahlkreise\/mecklenburg-vorpommern\/wahlkreis-015\/\">Wahlkreis 015 (Vorpommern-R\u00fcgen &#8211; Vorpommern-Greifswald I)<\/a>\n<\/li>\n<\/ul>\n<\/li>\n\t<li class=\"cat-item cat-item-11\"><a href=\"https:\/\/www.grundeinkommen-ist-waehlbar.de\/2017-de\/kandidatinnen\/wahlkreise\/niedersachsen\/\">Niedersachsen<\/a>\n<ul class='children'>\n\t<li class=\"cat-item cat-item-78\"><a href=\"https:\/\/www.grundeinkommen-ist-waehlbar.de\/2017-de\/kandidatinnen\/wahlkreise\/niedersachsen\/wahlkreis-024\/\">Wahlkreis 024 (Aurich &#8211; Emden)<\/a>\n<\/li>\n\t<li class=\"cat-item cat-item-81\"><a href=\"https:\/\/www.grundeinkommen-ist-waehlbar.de\/2017-de\/kandidatinnen\/wahlkreise\/niedersachsen\/wahlkreis-027\/\">Wahlkreis 027 (Oldenburg &#8211; Ammerland)<\/a>\n<\/li>\n\t<li class=\"cat-item cat-item-82\"><a href=\"https:\/\/www.grundeinkommen-ist-waehlbar.de\/2017-de\/kandidatinnen\/wahlkreise\/niedersachsen\/wahlkreis-028\/\">Wahlkreis 028 (Delmenhorst &#8211; Wesermarsch &#8211; Oldenburg-Land)<\/a>\n<\/li>\n\t<li class=\"cat-item cat-item-83\"><a href=\"https:\/\/www.grundeinkommen-ist-waehlbar.de\/2017-de\/kandidatinnen\/wahlkreise\/niedersachsen\/wahlkreis-029\/\">Wahlkreis 029 (Cuxhaven &#8211; Stade II)<\/a>\n<\/li>\n\t<li class=\"cat-item cat-item-84\"><a href=\"https:\/\/www.grundeinkommen-ist-waehlbar.de\/2017-de\/kandidatinnen\/wahlkreise\/niedersachsen\/wahlkreis-030\/\">Wahlkreis 030 (Stade I &#8211; Rotenburg II)<\/a>\n<\/li>\n\t<li class=\"cat-item cat-item-85\"><a href=\"https:\/\/www.grundeinkommen-ist-waehlbar.de\/2017-de\/kandidatinnen\/wahlkreise\/niedersachsen\/wahlkreis-031\/\">Wahlkreis 031 (Mittelems)<\/a>\n<\/li>\n\t<li class=\"cat-item cat-item-94\"><a href=\"https:\/\/www.grundeinkommen-ist-waehlbar.de\/2017-de\/kandidatinnen\/wahlkreise\/niedersachsen\/wahlkreis-040\/\">Wahlkreis 040 (Nienburg II &#8211; Schaumburg)<\/a>\n<\/li>\n\t<li class=\"cat-item cat-item-95\"><a href=\"https:\/\/www.grundeinkommen-ist-waehlbar.de\/2017-de\/kandidatinnen\/wahlkreise\/niedersachsen\/wahlkreis-041\/\">Wahlkreis 041 (Stadt Hannover I)<\/a>\n<\/li>\n\t<li class=\"cat-item cat-item-96\"><a href=\"https:\/\/www.grundeinkommen-ist-waehlbar.de\/2017-de\/kandidatinnen\/wahlkreise\/niedersachsen\/wahlkreis-042\/\">Wahlkreis 042 (Stadt Hannover II)<\/a>\n<\/li>\n\t<li class=\"cat-item cat-item-101\"><a href=\"https:\/\/www.grundeinkommen-ist-waehlbar.de\/2017-de\/kandidatinnen\/wahlkreise\/niedersachsen\/wahlkreis-047\/\">Wahlkreis 047 (Hannover-Land II)<\/a>\n<\/li>\n\t<li class=\"cat-item cat-item-103\"><a href=\"https:\/\/www.grundeinkommen-ist-waehlbar.de\/2017-de\/kandidatinnen\/wahlkreise\/niedersachsen\/wahlkreis-049\/\">Wahlkreis 049 (Salzgitter &#8211; Wolfenb\u00fcttel)<\/a>\n<\/li>\n\t<li class=\"cat-item cat-item-107\"><a href=\"https:\/\/www.grundeinkommen-ist-waehlbar.de\/2017-de\/kandidatinnen\/wahlkreise\/niedersachsen\/wahlkreis-053\/\">Wahlkreis 053 (G\u00f6ttingen)<\/a>\n<\/li>\n<\/ul>\n<\/li>\n\t<li class=\"cat-item cat-item-16\"><a href=\"https:\/\/www.grundeinkommen-ist-waehlbar.de\/2017-de\/kandidatinnen\/wahlkreise\/nordrhein-westfalen\/\">Nordrhein-Westfalen<\/a>\n<ul class='children'>\n\t<li class=\"cat-item cat-item-141\"><a href=\"https:\/\/www.grundeinkommen-ist-waehlbar.de\/2017-de\/kandidatinnen\/wahlkreise\/nordrhein-westfalen\/wahlkreis-087\/\">Wahlkreis 087 (Aachen I)<\/a>\n<\/li>\n\t<li class=\"cat-item cat-item-142\"><a href=\"https:\/\/www.grundeinkommen-ist-waehlbar.de\/2017-de\/kandidatinnen\/wahlkreise\/nordrhein-westfalen\/wahlkreis-088\/\">Wahlkreis 088 (Aachen II)<\/a>\n<\/li>\n\t<li class=\"cat-item cat-item-143\"><a href=\"https:\/\/www.grundeinkommen-ist-waehlbar.de\/2017-de\/kandidatinnen\/wahlkreise\/nordrhein-westfalen\/wahlkreis-089\/\">Wahlkreis 089 (Heinsberg)<\/a>\n<\/li>\n\t<li class=\"cat-item cat-item-156\"><a href=\"https:\/\/www.grundeinkommen-ist-waehlbar.de\/2017-de\/kandidatinnen\/wahlkreise\/nordrhein-westfalen\/wahlkreis-102\/\">Wahlkreis 102 (Wuppertal I)<\/a>\n<\/li>\n\t<li class=\"cat-item cat-item-168\"><a href=\"https:\/\/www.grundeinkommen-ist-waehlbar.de\/2017-de\/kandidatinnen\/wahlkreise\/nordrhein-westfalen\/wahlkreis-114\/\">Wahlkreis 114 (Krefeld II &#8211; Wesel II)<\/a>\n<\/li>\n\t<li class=\"cat-item cat-item-171\"><a href=\"https:\/\/www.grundeinkommen-ist-waehlbar.de\/2017-de\/kandidatinnen\/wahlkreise\/nordrhein-westfalen\/wahlkreis-117\/\">Wahlkreis 117 (Oberhausen &#8211; Wesel III)<\/a>\n<\/li>\n\t<li class=\"cat-item cat-item-172\"><a href=\"https:\/\/www.grundeinkommen-ist-waehlbar.de\/2017-de\/kandidatinnen\/wahlkreise\/nordrhein-westfalen\/wahlkreis-118\/\">Wahlkreis 118 (M\u00fclheim &#8211; Essen I)<\/a>\n<\/li>\n\t<li class=\"cat-item cat-item-176\"><a href=\"https:\/\/www.grundeinkommen-ist-waehlbar.de\/2017-de\/kandidatinnen\/wahlkreise\/nordrhein-westfalen\/wahlkreis-122\/\">Wahlkreis 122 (Recklinghausen II)<\/a>\n<\/li>\n\t<li class=\"cat-item cat-item-183\"><a href=\"https:\/\/www.grundeinkommen-ist-waehlbar.de\/2017-de\/kandidatinnen\/wahlkreise\/nordrhein-westfalen\/wahlkreis-129\/\">Wahlkreis 129 (M\u00fcnster)<\/a>\n<\/li>\n\t<li class=\"cat-item cat-item-191\"><a href=\"https:\/\/www.grundeinkommen-ist-waehlbar.de\/2017-de\/kandidatinnen\/wahlkreise\/nordrhein-westfalen\/wahlkreis-137\/\">Wahlkreis 137 (Paderborn &#8211; G\u00fctersloh III)<\/a>\n<\/li>\n\t<li class=\"cat-item cat-item-192\"><a href=\"https:\/\/www.grundeinkommen-ist-waehlbar.de\/2017-de\/kandidatinnen\/wahlkreise\/nordrhein-westfalen\/wahlkreis-138\/\">Wahlkreis 138 (Hagen &#8211; Ennepe-Ruhr-Kreis I)<\/a>\n<\/li>\n\t<li class=\"cat-item cat-item-195\"><a href=\"https:\/\/www.grundeinkommen-ist-waehlbar.de\/2017-de\/kandidatinnen\/wahlkreise\/nordrhein-westfalen\/wahlkreis-141\/\">Wahlkreis 141 (Herne &#8211; Bochum II)<\/a>\n<\/li>\n\t<li class=\"cat-item cat-item-198\"><a href=\"https:\/\/www.grundeinkommen-ist-waehlbar.de\/2017-de\/kandidatinnen\/wahlkreise\/nordrhein-westfalen\/wahlkreis-144\/\">Wahlkreis 144 (Unna I)<\/a>\n<\/li>\n\t<li class=\"cat-item cat-item-202\"><a href=\"https:\/\/www.grundeinkommen-ist-waehlbar.de\/2017-de\/kandidatinnen\/wahlkreise\/nordrhein-westfalen\/wahlkreis-148\/\">Wahlkreis 148 (Siegen-Wittgenstein)<\/a>\n<\/li>\n\t<li class=\"cat-item cat-item-204\"><a href=\"https:\/\/www.grundeinkommen-ist-waehlbar.de\/2017-de\/kandidatinnen\/wahlkreise\/nordrhein-westfalen\/wahlkreis-150\/\">Wahlkres 150 (M\u00e4rkischer Kreis II)<\/a>\n<\/li>\n<\/ul>\n<\/li>\n\t<li class=\"cat-item cat-item-20\"><a href=\"https:\/\/www.grundeinkommen-ist-waehlbar.de\/2017-de\/kandidatinnen\/wahlkreise\/rheinland-pfalz\/\">Rheinland-Pfalz<\/a>\n<ul class='children'>\n\t<li class=\"cat-item cat-item-253\"><a href=\"https:\/\/www.grundeinkommen-ist-waehlbar.de\/2017-de\/kandidatinnen\/wahlkreise\/rheinland-pfalz\/wahlkreis-199\/\">Wahlkreis 199 (Koblenz)<\/a>\n<\/li>\n\t<li class=\"cat-item cat-item-257\"><a href=\"https:\/\/www.grundeinkommen-ist-waehlbar.de\/2017-de\/kandidatinnen\/wahlkreise\/rheinland-pfalz\/wahlkreis-203\/\">Wahlkreis 203 (Trier)<\/a>\n<\/li>\n\t<li class=\"cat-item cat-item-258\"><a href=\"https:\/\/www.grundeinkommen-ist-waehlbar.de\/2017-de\/kandidatinnen\/wahlkreise\/rheinland-pfalz\/wahlkreis-204\/\">Wahlkreis 204 (Montabaur)<\/a>\n<\/li>\n\t<li class=\"cat-item cat-item-259\"><a href=\"https:\/\/www.grundeinkommen-ist-waehlbar.de\/2017-de\/kandidatinnen\/wahlkreise\/rheinland-pfalz\/wahlkreis-205\/\">Wahlkreis 205 (Mainz)<\/a>\n<\/li>\n\t<li class=\"cat-item cat-item-262\"><a href=\"https:\/\/www.grundeinkommen-ist-waehlbar.de\/2017-de\/kandidatinnen\/wahlkreise\/rheinland-pfalz\/wahlkreis-208\/\">Wahlkreis 208 (Neustadt &#8211; Speyer)<\/a>\n<\/li>\n\t<li class=\"cat-item cat-item-264\"><a href=\"https:\/\/www.grundeinkommen-ist-waehlbar.de\/2017-de\/kandidatinnen\/wahlkreise\/rheinland-pfalz\/wahlkreis-210\/\">Wahlkreis 210 (Pirmasens)<\/a>\n<\/li>\n<\/ul>\n<\/li>\n\t<li class=\"cat-item cat-item-23\"><a href=\"https:\/\/www.grundeinkommen-ist-waehlbar.de\/2017-de\/kandidatinnen\/wahlkreise\/saarland\/\">Saarland<\/a>\n<ul class='children'>\n\t<li class=\"cat-item cat-item-351\"><a href=\"https:\/\/www.grundeinkommen-ist-waehlbar.de\/2017-de\/kandidatinnen\/wahlkreise\/saarland\/wahlkreis-296\/\">Wahlkreis 296 (Saarbr\u00fccken)<\/a>\n<\/li>\n\t<li class=\"cat-item cat-item-352\"><a href=\"https:\/\/www.grundeinkommen-ist-waehlbar.de\/2017-de\/kandidatinnen\/wahlkreise\/saarland\/wahlkreis-297\/\">Wahlkreis 297 (Saarlouis)<\/a>\n<\/li>\n<\/ul>\n<\/li>\n\t<li class=\"cat-item cat-item-17\"><a href=\"https:\/\/www.grundeinkommen-ist-waehlbar.de\/2017-de\/kandidatinnen\/wahlkreise\/sachsen\/\">Sachsen<\/a>\n<ul class='children'>\n\t<li class=\"cat-item cat-item-207\"><a href=\"https:\/\/www.grundeinkommen-ist-waehlbar.de\/2017-de\/kandidatinnen\/wahlkreise\/sachsen\/wahlkreis-153\/\">Wahlkreis 153 (Leipzig II)<\/a>\n<\/li>\n\t<li class=\"cat-item cat-item-209\"><a href=\"https:\/\/www.grundeinkommen-ist-waehlbar.de\/2017-de\/kandidatinnen\/wahlkreise\/sachsen\/wahlkreis-155\/\">Wahlkreis 155 (Mei\u00dfen)<\/a>\n<\/li>\n\t<li class=\"cat-item cat-item-211\"><a href=\"https:\/\/www.grundeinkommen-ist-waehlbar.de\/2017-de\/kandidatinnen\/wahlkreise\/sachsen\/wahlkreis-157\/\">Wahlkreis 157 (G\u00f6rlitz)<\/a>\n<\/li>\n\t<li class=\"cat-item cat-item-213\"><a href=\"https:\/\/www.grundeinkommen-ist-waehlbar.de\/2017-de\/kandidatinnen\/wahlkreise\/sachsen\/wahlkreis-159\/\">Wahlkreis 159 (Dresden I)<\/a>\n<\/li>\n\t<li class=\"cat-item cat-item-214\"><a href=\"https:\/\/www.grundeinkommen-ist-waehlbar.de\/2017-de\/kandidatinnen\/wahlkreise\/sachsen\/wahlkreis-160\/\">Wahlkreis 160 (Dresden II &#8211; Bautzen II)<\/a>\n<\/li>\n\t<li class=\"cat-item cat-item-215\"><a href=\"https:\/\/www.grundeinkommen-ist-waehlbar.de\/2017-de\/kandidatinnen\/wahlkreise\/sachsen\/wahlkreis-161\/\">Wahlkreis 161 (Mittelsachsen)<\/a>\n<\/li>\n\t<li class=\"cat-item cat-item-216\"><a href=\"https:\/\/www.grundeinkommen-ist-waehlbar.de\/2017-de\/kandidatinnen\/wahlkreise\/sachsen\/wahlkreis-162\/\">Wahlkreis 162 (Chemnitz)<\/a>\n<\/li>\n<\/ul>\n<\/li>\n\t<li class=\"cat-item cat-item-14\"><a href=\"https:\/\/www.grundeinkommen-ist-waehlbar.de\/2017-de\/kandidatinnen\/wahlkreise\/sachsen-anhalt\/\">Sachsen-Anhalt<\/a>\n<ul class='children'>\n\t<li class=\"cat-item cat-item-120\"><a href=\"https:\/\/www.grundeinkommen-ist-waehlbar.de\/2017-de\/kandidatinnen\/wahlkreise\/sachsen-anhalt\/wahlkreis-066\/\">Wahlkreis 066 (Altmark)<\/a>\n<\/li>\n\t<li class=\"cat-item cat-item-126\"><a href=\"https:\/\/www.grundeinkommen-ist-waehlbar.de\/2017-de\/kandidatinnen\/wahlkreise\/sachsen-anhalt\/wahlkreis-072\/\">Wahlkreis 072 (Halle\/Saale)<\/a>\n<\/li>\n<\/ul>\n<\/li>\n\t<li class=\"cat-item cat-item-357\"><a href=\"https:\/\/www.grundeinkommen-ist-waehlbar.de\/2017-de\/kandidatinnen\/wahlkreise\/schleswig-holstein\/\">Schleswig-Holstein<\/a>\n<ul class='children'>\n\t<li class=\"cat-item cat-item-43\"><a href=\"https:\/\/www.grundeinkommen-ist-waehlbar.de\/2017-de\/kandidatinnen\/wahlkreise\/schleswig-holstein\/wahlkreis-001\/\">Wahlkreis 001 (Flensburg &#8211; Schleswig)<\/a>\n<\/li>\n\t<li class=\"cat-item cat-item-44\"><a href=\"https:\/\/www.grundeinkommen-ist-waehlbar.de\/2017-de\/kandidatinnen\/wahlkreise\/schleswig-holstein\/wahlkreis-002\/\">Wahlkreis 002 (Nordfriesland &#8211; Dithmarschen Nord)<\/a>\n<\/li>\n\t<li class=\"cat-item cat-item-47\"><a href=\"https:\/\/www.grundeinkommen-ist-waehlbar.de\/2017-de\/kandidatinnen\/wahlkreise\/schleswig-holstein\/wahlkreis-005\/\">Wahlkreis 005 (Kiel)<\/a>\n<\/li>\n<\/ul>\n<\/li>\n\t<li class=\"cat-item cat-item-360\"><a href=\"https:\/\/www.grundeinkommen-ist-waehlbar.de\/2017-de\/kandidatinnen\/wahlkreise\/thueringen\/\">Th\u00fcringen<\/a>\n<ul class='children'>\n\t<li class=\"cat-item cat-item-362\"><a href=\"https:\/\/www.grundeinkommen-ist-waehlbar.de\/2017-de\/kandidatinnen\/wahlkreise\/thueringen\/wahlkreis-190\/\">Wahlkreis 190 (Eisenach &#8211; Wartburgkreis &#8211; Unstrut-Hainich-Kreis)<\/a>\n<\/li>\n\t<li class=\"cat-item cat-item-363\"><a href=\"https:\/\/www.grundeinkommen-ist-waehlbar.de\/2017-de\/kandidatinnen\/wahlkreise\/thueringen\/wahlkreis-191\/\">Wahlkreis 191 (Jena &#8211; S\u00f6mmerda &#8211; Weimarer Land I)<\/a>\n<\/li>\n\t<li class=\"cat-item cat-item-366\"><a href=\"https:\/\/www.grundeinkommen-ist-waehlbar.de\/2017-de\/kandidatinnen\/wahlkreise\/thueringen\/wahlkreis-194\/\">Wahlkreis 194 (Gera &#8211; Greiz &#8211; Altenburger Land)<\/a>\n<\/li>\n<\/ul>\n<\/li>\n\n","protected":false},"excerpt":{"rendered":"<p>Gibt es in Ihrem Wahlkreis eine\/n Kandidierenden, der\/die sich f\u00fcr ein bedingungsloses Grundeinkommen ausspricht? Wo k\u00f6nnen Sie Grundeinkommen w\u00e4hlen? Hier werden nur Wahlkreise angezeigt, in denen mindestens ein\/e Kandidat\/in f\u00fcr das Grundeinkommen ist. Finden Sie Kandidierende, indem Sie den entsprechenden Wahlkreis anklicken:<\/p>\n","protected":false},"author":1,"featured_media":0,"parent":0,"menu_order":0,"comment_status":"closed","ping_status":"closed","template":"","meta":{"footnotes":""},"class_list":["post-4","page","type-page","status-publish","hentry"],"_links":{"self":[{"href":"https:\/\/www.grundeinkommen-ist-waehlbar.de\/2017-de\/wp-json\/wp\/v2\/pages\/4","targetHints":{"allow":["GET"]}}],"collection":[{"href":"https:\/\/www.grundeinkommen-ist-waehlbar.de\/2017-de\/wp-json\/wp\/v2\/pages"}],"about":[{"href":"https:\/\/www.grundeinkommen-ist-waehlbar.de\/2017-de\/wp-json\/wp\/v2\/types\/page"}],"author":[{"embeddable":true,"href":"https:\/\/www.grundeinkommen-ist-waehlbar.de\/2017-de\/wp-json\/wp\/v2\/users\/1"}],"replies":[{"embeddable":true,"href":"https:\/\/www.grundeinkommen-ist-waehlbar.de\/2017-de\/wp-json\/wp\/v2\/comments?post=4"}],"version-history":[{"count":7,"href":"https:\/\/www.grundeinkommen-ist-waehlbar.de\/2017-de\/wp-json\/wp\/v2\/pages\/4\/revisions"}],"predecessor-version":[{"id":382,"href":"https:\/\/www.grundeinkommen-ist-waehlbar.de\/2017-de\/wp-json\/wp\/v2\/pages\/4\/revisions\/382"}],"wp:attachment":[{"href":"https:\/\/www.grundeinkommen-ist-waehlbar.de\/2017-de\/wp-json\/wp\/v2\/media?parent=4"}],"curies":[{"name":"wp","href":"https:\/\/api.w.org\/{rel}","templated":true}]}}