{"id":209,"date":"2017-04-21T08:40:54","date_gmt":"2017-04-21T06:40:54","guid":{"rendered":"http:\/\/www.grundeinkommen-ist-waehlbar.de\/2017\/?page_id=209"},"modified":"2017-07-18T10:22:41","modified_gmt":"2017-07-18T08:22:41","slug":"wahlkreise","status":"publish","type":"page","link":"https:\/\/www.grundeinkommen-ist-waehlbar.de\/2017-nrw\/wahlkreise\/","title":{"rendered":"Wahlkreise"},"content":{"rendered":"<p>Gibt es in Ihrem Wahlkreis eine\/n Kandidierenden, der\/die sich f\u00fcr ein bedingungsloses Grundeinkommen ausspricht? Wo k\u00f6nnen Sie Grundeinkommen w\u00e4hlen? Hier werden nur Wahlkreise angezeigt, in denen mindestens ein\/e Kandidat\/in f\u00fcr das Grundeinkommen ist. Finden Sie Kandidierende, indem Sie den entsprechenden Wahlkreis anklicken:<\/p>\n<ul>\t<li class=\"cat-item cat-item-14\"><a href=\"https:\/\/www.grundeinkommen-ist-waehlbar.de\/2017-nrw\/kandidatinnen\/wahlkreise\/direktkandidatinnen\/\">ListenkandidatInnen<\/a>\n<\/li>\n\t<li class=\"cat-item cat-item-16\"><a href=\"https:\/\/www.grundeinkommen-ist-waehlbar.de\/2017-nrw\/kandidatinnen\/wahlkreise\/wahlkreis-001-aachen-i\/\" title=\"Von der Stadt Aachen der Stadtbezirk Aachen-Mitte ohne die Stadtteile Kaiserplatz, Adalbertsteinweg, Panneschopp, Rothe Erde, Trierer Stra\u00dfe, Frankenberg, Forst, Beverau, Burtscheider Kurgarten, Burtscheider Abtei und Steinebr\u00fcck sowie die Stadtbezirke Aachen-Laurensberg, Aachen-Richterich und Aachen-Haaren\">Wahlkreis 001 (Aachen I)<\/a>\n<\/li>\n\t<li class=\"cat-item cat-item-17\"><a href=\"https:\/\/www.grundeinkommen-ist-waehlbar.de\/2017-nrw\/kandidatinnen\/wahlkreise\/wahlkreis-002-aachen-ii\/\" title=\"Von der Stadt Aachen vom Stadtbezirk Aachen-Mitte die Stadtteile Kaiserplatz, Adalbertsteinweg, Panneschopp, Rothe Erde, Trierer Stra\u00dfe, Frankenberg, Forst, Beverau, Burtscheider Kurgarten, Burtscheider Abtei und Steinebr\u00fcck sowie die Stadtbezirke Aachen-Kornelim\u00fcnster\/Walheim, Aachen-Brand und Aachen-Eilendorf\">Wahlkreis 002 (Aachen II)<\/a>\n<\/li>\n\t<li class=\"cat-item cat-item-18\"><a href=\"https:\/\/www.grundeinkommen-ist-waehlbar.de\/2017-nrw\/kandidatinnen\/wahlkreise\/wahlkreis-003-aachen-iii\/\" title=\"Von der St\u00e4dteregion Aachen die Gemeinden Alsdorf, Baesweiler, Herzogenrath und W\u00fcrselen\">Wahlkreis 003 (Aachen III)<\/a>\n<\/li>\n\t<li class=\"cat-item cat-item-19\"><a href=\"https:\/\/www.grundeinkommen-ist-waehlbar.de\/2017-nrw\/kandidatinnen\/wahlkreise\/wahlkreis-004-aachen-iv\/\" title=\"Von der St\u00e4dteregion Aachen die Gemeinden Eschweiler, Monschau, Roetgen, Simmerath und Stolberg \">Wahlkreis 004 (Aachen IV)<\/a>\n<\/li>\n\t<li class=\"cat-item cat-item-24\"><a href=\"https:\/\/www.grundeinkommen-ist-waehlbar.de\/2017-nrw\/kandidatinnen\/wahlkreise\/wahlkreis-009-heinsberg-i\/\" title=\"Vom Kreis Heinsberg die Gemeinden Gangelt, Geilenkirchen, Heinsberg, Selfkant, \u00dcbach-Palenberg und Waldfeucht\">Wahlkreis 009 (Heinsberg I)<\/a>\n<\/li>\n\t<li class=\"cat-item cat-item-28\"><a href=\"https:\/\/www.grundeinkommen-ist-waehlbar.de\/2017-nrw\/kandidatinnen\/wahlkreise\/wahlkreis-013-koeln-i\/\" title=\"Von der Stadt K\u00f6ln vom Stadtbezirk 1 Innenstadt die Stadtteile 101 Altstadt-S\u00fcd und 102 Neustadt-S\u00fcd sowie der Stadtbezirk 2 Rodenkirchen\">Wahlkreis 013 (K\u00f6ln I)<\/a>\n<\/li>\n\t<li class=\"cat-item cat-item-30\"><a href=\"https:\/\/www.grundeinkommen-ist-waehlbar.de\/2017-nrw\/kandidatinnen\/wahlkreise\/wahlkreis-015-koeln-iii\/\" title=\"Von der Stadt K\u00f6ln der Stadtbezirk 4 Ehrenfeld sowie vom Stadtbezirk 5 Nippes die Stadtteile Nippes und Bilderst\u00f6ckchen\">Wahlkreis 015 (K\u00f6ln III)<\/a>\n<\/li>\n\t<li class=\"cat-item cat-item-33\"><a href=\"https:\/\/www.grundeinkommen-ist-waehlbar.de\/2017-nrw\/kandidatinnen\/wahlkreise\/wahlkreis-018-koeln-vi\/\" title=\"Von der Stadt K\u00f6ln vom Stadtbezirk 8 Kalk die Stadtteile Humboldt (Gremberg), Kalk, Vingst, H\u00f6henberg, Ostheim und Neubr\u00fcck sowie vom Stadtbezirk 1 Innenstadt die Stadtteile Altstadt-Nord, Neustadt-Nord und Deutz\">Wahlkreis 018 (K\u00f6ln VI)<\/a>\n<\/li>\n\t<li class=\"cat-item cat-item-34\"><a href=\"https:\/\/www.grundeinkommen-ist-waehlbar.de\/2017-nrw\/kandidatinnen\/wahlkreise\/wahlkreis-019-koeln-vii\/\" title=\"Von der Stadt K\u00f6ln der Stadtbezirk 9 M\u00fclheim\">Wahlkreis 019 (K\u00f6ln VII)<\/a>\n<\/li>\n\t<li class=\"cat-item cat-item-42\"><a href=\"https:\/\/www.grundeinkommen-ist-waehlbar.de\/2017-nrw\/kandidatinnen\/wahlkreise\/wahlkreis-027-rhein-sieg-kreis-iii\/\" title=\"Vom Rhein-Sieg-Kreis die Gemeinden Alfter, Bornheim, Meckenheim, Rheinbach, Swisttal und Wachtberg\">Wahlkreis 027 (Rhein-Sieg-Kreis III)<\/a>\n<\/li>\n\t<li class=\"cat-item cat-item-43\"><a href=\"https:\/\/www.grundeinkommen-ist-waehlbar.de\/2017-nrw\/kandidatinnen\/wahlkreise\/wahlkreis-028-rhein-sieg-kreis-iv\/\" title=\"Vom Rhein-Sieg-Kreis die Gemeinden Niederkassel, Siegburg und Troisdorf\">Wahlkreis 028 (Rhein-Sieg-Kreis IV)<\/a>\n<\/li>\n\t<li class=\"cat-item cat-item-55\"><a href=\"https:\/\/www.grundeinkommen-ist-waehlbar.de\/2017-nrw\/kandidatinnen\/wahlkreise\/wahlkreis-040-duesseldorf-i\/\" title=\"Von der Stadt D\u00fcsseldorf die Stadtbezirke 1, 5 und 6\">Wahlkreis 040 (D\u00fcsseldorf I)<\/a>\n<\/li>\n\t<li class=\"cat-item cat-item-56\"><a href=\"https:\/\/www.grundeinkommen-ist-waehlbar.de\/2017-nrw\/kandidatinnen\/wahlkreise\/wahlkreis-41-duesseldorf-ii\/\" title=\"Von der Stadt D\u00fcsseldorf die Stadtbezirke 2 und 7 sowie vom Stadtbezirk 8 die Stadtteile Eller und Lierenfeld.\">Wahlkreis 041 (D\u00fcsseldorf II)<\/a>\n<\/li>\n\t<li class=\"cat-item cat-item-61\"><a href=\"https:\/\/www.grundeinkommen-ist-waehlbar.de\/2017-nrw\/kandidatinnen\/wahlkreise\/wahlkreis-046-rhein-kreis-neuss-iii\/\" title=\"Vom Rhein-Kreis Neuss die Gemeinden J\u00fcchen, Kaarst, Korschenbroich und Meerbusch.\">Wahlkreis 046 (Rhein-Kreis-Neuss III)<\/a>\n<\/li>\n\t<li class=\"cat-item cat-item-65\"><a href=\"https:\/\/www.grundeinkommen-ist-waehlbar.de\/2017-nrw\/kandidatinnen\/wahlkreise\/wahlkreis-050-moenchengladbach-ii\/\" title=\"Von der kreisfreien Stadt M\u00f6nchengladbach die Stadtbezirke 01 Rheindahlen, 02 Hardt, 03 Stadtmitte und 05 Neuwerk\">Wahlkreis 050 (M\u00f6nchengladbach II)<\/a>\n<\/li>\n\t<li class=\"cat-item cat-item-67\"><a href=\"https:\/\/www.grundeinkommen-ist-waehlbar.de\/2017-nrw\/kandidatinnen\/wahlkreise\/wahlkreis-052-viersen-ii\/\" title=\"Vom Kreis Viersen die Gemeinden Br\u00fcggen, Grefrath, Kempen, Nettetal, Niederkr\u00fcchten und T\u00f6nisvorst\">Wahlkreis 052 (Viersen II)<\/a>\n<\/li>\n\t<li class=\"cat-item cat-item-69\"><a href=\"https:\/\/www.grundeinkommen-ist-waehlbar.de\/2017-nrw\/kandidatinnen\/wahlkreise\/wahlkreis-054-kleve-ii\/\" title=\"Vom Kreis Kleve die Gemeinden Bedburg-Hau, Emmerich am Rhein, Goch, Kleve, Kranenburg und Rees\">Wahlkreis 054 (Kleve II)<\/a>\n<\/li>\n\t<li class=\"cat-item cat-item-70\"><a href=\"https:\/\/www.grundeinkommen-ist-waehlbar.de\/2017-nrw\/kandidatinnen\/wahlkreise\/wahlkreis-055-oberhausen-i\/\" title=\"Von der Stadt Oberhausen die Stadtbezirke Alt-Oberhausen und Osterfeld\">Wahlkreis 055 (Oberhausen I)<\/a>\n<\/li>\n\t<li class=\"cat-item cat-item-72\"><a href=\"https:\/\/www.grundeinkommen-ist-waehlbar.de\/2017-nrw\/kandidatinnen\/wahlkreise\/wahlkreis-057-wesel-ii\/\" title=\"Vom Kreis Wesel die Gemeinden Alpen, Kamp-Lintfort, Rheinberg, Sonsbeck und Xanten sowie von der Gemeinde Neukirchen-Vluyn die Kommunalwahlbezirke 011.0 bis 019.2\">Wahlkreis 057 (Wesel II)<\/a>\n<\/li>\n\t<li class=\"cat-item cat-item-75\"><a href=\"https:\/\/www.grundeinkommen-ist-waehlbar.de\/2017-nrw\/kandidatinnen\/wahlkreise\/wahlkreis-060-duisburg-i\/\" title=\"Von der Stadt Duisburg der Stadtbezirk 700 S\u00fcd sowie vom Stadtbezirk 500 Mitte die Ortsteile 505 Neudorf-Nord, 506 Neudorf-S\u00fcd und 509 Wanheimerort\">Wahlkreis 060 (Duisburg I)<\/a>\n<\/li>\n\t<li class=\"cat-item cat-item-76\"><a href=\"https:\/\/www.grundeinkommen-ist-waehlbar.de\/2017-nrw\/kandidatinnen\/wahlkreise\/wahlkreis-061-duisburg-ii\/\" title=\"Von der Stadt Duisburg der Stadtbezirk 600 Rheinhausen und der Stadtbezirk 400 Homberg\/Ruhrort\/Baerl\">Wahlkreis 061 (Duisburg II)<\/a>\n<\/li>\n\t<li class=\"cat-item cat-item-78\"><a href=\"https:\/\/www.grundeinkommen-ist-waehlbar.de\/2017-nrw\/kandidatinnen\/wahlkreise\/wahlkreis-063-duisburg-iv-wesel-v\/\" title=\"Von der Stadt Duisburg die Stadtbezirke 100 Walsum und 200 Hamborn, vom Kreis Wesel von der Gemeinde Rheinberg die Stadtbezirke Orsoy und Budberg\">Wahlkreis 063 (Duisburg IV &#8211; Wesel V)<\/a>\n<\/li>\n\t<li class=\"cat-item cat-item-84\"><a href=\"https:\/\/www.grundeinkommen-ist-waehlbar.de\/2017-nrw\/kandidatinnen\/wahlkreise\/wahlkreis-069-recklinghausen-i\/\" title=\"Vom Kreis Recklinghausen die Gemeinde Recklinghausen\">Wahlkreis 069 (Recklinghausen I)<\/a>\n<\/li>\n\t<li class=\"cat-item cat-item-86\"><a href=\"https:\/\/www.grundeinkommen-ist-waehlbar.de\/2017-nrw\/kandidatinnen\/wahlkreise\/wahlkreis-071-recklinghausen-iii\/\" title=\"Vom Kreis Recklinghausen die Gemeinde Gladbeck sowie die Gemeinde Dorsten ohne die Stadtteile Deuten, Lembeck, Rhade und Wulfen\">Wahlkreis 071 (Recklinghausen III)<\/a>\n<\/li>\n\t<li class=\"cat-item cat-item-96\"><a href=\"https:\/\/www.grundeinkommen-ist-waehlbar.de\/2017-nrw\/kandidatinnen\/wahlkreise\/wahlkreis-081-steinfurt-i\/\" title=\"Vom Kreis Steinfurt die Gemeinden Altenberge, Greven, Horstmar, Laer, Metelen, Neuenkirchen, Nordwalde, Ochtrup, Steinfurt und Wettringen\">Wahlkreis 081 (Steinfurt I)<\/a>\n<\/li>\n\t<li class=\"cat-item cat-item-97\"><a href=\"https:\/\/www.grundeinkommen-ist-waehlbar.de\/2017-nrw\/kandidatinnen\/wahlkreise\/wahlkreis-082-steinfurt-ii\/\" title=\"Vom Kreis Steinfurt die Gemeinden Emsdetten, H\u00f6rstel, Ladbergen, Rheine und Saerbeck\">Wahlkreis 082 (Steinfurt II)<\/a>\n<\/li>\n\t<li class=\"cat-item cat-item-99\"><a href=\"https:\/\/www.grundeinkommen-ist-waehlbar.de\/2017-nrw\/kandidatinnen\/wahlkreise\/wahlkreis-084-muenster-i\/\" title=\"Von der Stadt M\u00fcnster die Stadtbezirke Nord, Ost und der n\u00f6rdlich des Aa-Flusslaufes gelegene Teil des Stadtbezirks West sowie der n\u00f6rdlich folgender Linie gelegene Teil des Stadtbezirks Mitte: Von der Torminbr\u00fccke Mitte des Aasees bis zum Aegidiitor; entlang der Promenade bis zum Mauritztor; Warendorfer Stra\u00dfe bis zur Bahnlinie M\u00fcnster-Osnabr\u00fcck; s\u00fcdlich der Bahnlinie bis zur Wolbecker Stra\u00dfe. Im weiteren Verlauf Wolbecker Stra\u00dfe, Sternstra\u00dfe bis zum Hohenzollernring. In n\u00f6rdlicher Richtung bis zur Stra\u00dfe St. Mauritz Freiheit; von dort \u00fcber den Mauritz Lindenweg und die Stra\u00dfe Zum Guten Hirten bis zur \u00f6stlichen Grenze des Stadtbezirks Mitte (Dortmund-Ems-Kanal). F\u00fcr Verkehrslinien oder Gew\u00e4sser gilt jeweils deren Mitte als Grenzlinie\">Wahlkreis 084 (M\u00fcnster I)<\/a>\n<\/li>\n\t<li class=\"cat-item cat-item-114\"><a href=\"https:\/\/www.grundeinkommen-ist-waehlbar.de\/2017-nrw\/kandidatinnen\/wahlkreise\/wahlkreis-099-lippe-iii\/\" title=\"Vom Kreis Lippe die Gemeinden Augustdorf, Detmold, Horn-Bad Meinberg, Schieder-Schwalenberg und Schlangen\">Wahlkreis 099 (Lippe III)<\/a>\n<\/li>\n\t<li class=\"cat-item cat-item-115\"><a href=\"https:\/\/www.grundeinkommen-ist-waehlbar.de\/2017-nrw\/kandidatinnen\/wahlkreise\/wahlkreis-100-paderborn-i\/\" title=\"Vom Kreis Paderborn die Gemeinden Altenbeken, Bad Lippspringe, Bad W\u00fcnnenberg, Borchen, B\u00fcren, Delbr\u00fcck, H\u00f6velhof, Lichtenau und Salzkotten\">Wahlkreis 100 (Paderborn I)<\/a>\n<\/li>\n\t<li class=\"cat-item cat-item-116\"><a href=\"https:\/\/www.grundeinkommen-ist-waehlbar.de\/2017-nrw\/kandidatinnen\/wahlkreise\/wahlkreis-101-paderborn-ii\/\" title=\"Vom Kreis Paderborn die Gemeinde Paderborn\n\n\">Wahlkreis 101 (Paderborn II)<\/a>\n<\/li>\n\t<li class=\"cat-item cat-item-118\"><a href=\"https:\/\/www.grundeinkommen-ist-waehlbar.de\/2017-nrw\/kandidatinnen\/wahlkreise\/wahlkreis-103-hagen-i\/\" title=\"Von der Stadt Hagen die Stadtbezirke 1 Hagen-Mitte, 2 Hagen-Nord und 3 Hohenlimburg\">Wahlkreis 103 (Hagen I)<\/a>\n<\/li>\n\t<li class=\"cat-item cat-item-119\"><a href=\"https:\/\/www.grundeinkommen-ist-waehlbar.de\/2017-nrw\/kandidatinnen\/wahlkreise\/wahlkreis-104-hagen-ii-ennepe-ruhr-kreis-iii\/\" title=\"Von der Stadt Hagen die Stadtbezirke 4 Eilpe\/Dahl und 5 Haspe sowie vom Ennepe-Ruhr-Kreis die Gemeinden Breckerfeld, Ennepetal und Gevelsberg\">Wahlkreis 104 (Hagen II \u2013 Ennepe-Ruhr-Kreis III)<\/a>\n<\/li>\n\t<li class=\"cat-item cat-item-120\"><a href=\"https:\/\/www.grundeinkommen-ist-waehlbar.de\/2017-nrw\/kandidatinnen\/wahlkreise\/wahlkreis-105-ennepe-ruhr-kreis-i\/\" title=\"Vom Ennepe-Ruhr-Kreis die Gemeinden Hattingen, Schwelm, Sprockh\u00f6vel und Wetter (Ruhr)\">Wahlkreis 105 (Ennepe-Ruhr-Kreis I)<\/a>\n<\/li>\n\t<li class=\"cat-item cat-item-121\"><a href=\"https:\/\/www.grundeinkommen-ist-waehlbar.de\/2017-nrw\/kandidatinnen\/wahlkreise\/wahlkreis-106-ennepe-ruhr-kreis-ii\/\" title=\"Vom Ennepe-Ruhr-Kreis die Gemeinden Witten und Herdecke\n\n\">Wahlkreis 106 (Ennepe-Ruhr-Kreis II)<\/a>\n<\/li>\n\t<li class=\"cat-item cat-item-122\"><a href=\"https:\/\/www.grundeinkommen-ist-waehlbar.de\/2017-nrw\/kandidatinnen\/wahlkreise\/wahlkreis-107-bochum-i\/\" title=\"Von der Stadt Bochum die Kommunalwahlbezirke 10, 11, 14, 17, 31, 32, 33, 41, 42, 43, 44 und 45\">Wahlkreis 107 (Bochum I)<\/a>\n<\/li>\n\t<li class=\"cat-item cat-item-124\"><a href=\"https:\/\/www.grundeinkommen-ist-waehlbar.de\/2017-nrw\/kandidatinnen\/wahlkreise\/wahlkreis-109-bochum-iii-herne-ii\/\" title=\"Von der Stadt Bochum die Kommunalwahlbezirke 12, 15, 16, 18, 21, 22, 23, 24, 25 und 27 sowie von der Stadt Herne der Stadtbezirk Eickel\">Wahlkreis 109 (Bochum III \u2013 Herne II)<\/a>\n<\/li>\n\t<li class=\"cat-item cat-item-127\"><a href=\"https:\/\/www.grundeinkommen-ist-waehlbar.de\/2017-nrw\/kandidatinnen\/wahlkreise\/wahlkreis-112-dortmund-ii\/\" title=\"Von der Stadt Dortmund die Stadtbezirke Innenstadt-Nord, Innenstadt-Ost und Eving\">Wahlkreis 112 (Dortmund II)<\/a>\n<\/li>\n\t<li class=\"cat-item cat-item-130\"><a href=\"https:\/\/www.grundeinkommen-ist-waehlbar.de\/2017-nrw\/kandidatinnen\/wahlkreise\/wahlkreis-115-unna-i\/\" title=\"Vom Kreis Unna die Gemeinden Fr\u00f6ndenberg\/Ruhr, Holzwickede, Schwerte und Unna\">Wahlkreis 115 (Unna I)<\/a>\n<\/li>\n\t<li class=\"cat-item cat-item-131\"><a href=\"https:\/\/www.grundeinkommen-ist-waehlbar.de\/2017-nrw\/kandidatinnen\/wahlkreise\/wahlkreis-116-unna-ii\/\" title=\"Vom Kreis Unna die Gemeinden L\u00fcnen, Selm und Werne\">Wahlkreis 116 (Unna II)<\/a>\n<\/li>\n\t<li class=\"cat-item cat-item-138\"><a href=\"https:\/\/www.grundeinkommen-ist-waehlbar.de\/2017-nrw\/kandidatinnen\/wahlkreise\/wahlkreis-123-maerkischer-kreis-iii\/\" title=\"Vom M\u00e4rkischen Kreis die Gemeinden Halver, Herscheid, Kierspe, L\u00fcdenscheid, Meinerzhagen und Schalksm\u00fchle\">Wahlkreis 123 (M\u00e4rkischer Kreis III)<\/a>\n<\/li>\n<\/ul>\n","protected":false},"excerpt":{"rendered":"<p>Gibt es in Ihrem Wahlkreis eine\/n Kandidierenden, der\/die sich f\u00fcr ein bedingungsloses Grundeinkommen ausspricht? Wo k\u00f6nnen Sie Grundeinkommen w\u00e4hlen? Hier werden nur Wahlkreise angezeigt, in denen mindestens ein\/e Kandidat\/in f\u00fcr das Grundeinkommen ist. Finden Sie Kandidierende, indem Sie den entsprechenden Wahlkreis anklicken:<\/p>\n","protected":false},"author":1,"featured_media":0,"parent":0,"menu_order":0,"comment_status":"closed","ping_status":"closed","template":"","meta":{"footnotes":""},"class_list":["post-209","page","type-page","status-publish","hentry"],"_links":{"self":[{"href":"https:\/\/www.grundeinkommen-ist-waehlbar.de\/2017-nrw\/wp-json\/wp\/v2\/pages\/209","targetHints":{"allow":["GET"]}}],"collection":[{"href":"https:\/\/www.grundeinkommen-ist-waehlbar.de\/2017-nrw\/wp-json\/wp\/v2\/pages"}],"about":[{"href":"https:\/\/www.grundeinkommen-ist-waehlbar.de\/2017-nrw\/wp-json\/wp\/v2\/types\/page"}],"author":[{"embeddable":true,"href":"https:\/\/www.grundeinkommen-ist-waehlbar.de\/2017-nrw\/wp-json\/wp\/v2\/users\/1"}],"replies":[{"embeddable":true,"href":"https:\/\/www.grundeinkommen-ist-waehlbar.de\/2017-nrw\/wp-json\/wp\/v2\/comments?post=209"}],"version-history":[{"count":1,"href":"https:\/\/www.grundeinkommen-ist-waehlbar.de\/2017-nrw\/wp-json\/wp\/v2\/pages\/209\/revisions"}],"predecessor-version":[{"id":812,"href":"https:\/\/www.grundeinkommen-ist-waehlbar.de\/2017-nrw\/wp-json\/wp\/v2\/pages\/209\/revisions\/812"}],"wp:attachment":[{"href":"https:\/\/www.grundeinkommen-ist-waehlbar.de\/2017-nrw\/wp-json\/wp\/v2\/media?parent=209"}],"curies":[{"name":"wp","href":"https:\/\/api.w.org\/{rel}","templated":true}]}}