{"id":33,"date":"2018-09-08T14:21:47","date_gmt":"2018-09-08T12:21:47","guid":{"rendered":"http:\/\/www.grundeinkommen-ist-waehlbar.de\/2018-he\/?page_id=33"},"modified":"2018-09-08T14:21:47","modified_gmt":"2018-09-08T12:21:47","slug":"kandidierende","status":"publish","type":"page","link":"https:\/\/www.grundeinkommen-ist-waehlbar.de\/2018-he\/kandidierende\/","title":{"rendered":"Kandidierende"},"content":{"rendered":"<p>Gibt es in Ihrem Wahlkreis eine\/n Kandidierenden, der\/die sich f\u00fcr ein bedingungsloses Grundeinkommen ausspricht? Wo k\u00f6nnen Sie Grundeinkommen w\u00e4hlen? Hier werden nur Wahlkreise angezeigt, in denen mindestens ein\/e Kandidat\/in f\u00fcr das Grundeinkommen ist. Finden Sie Kandidierende, indem Sie den entsprechenden Wahlkreis anklicken:<\/p>\n\t<li class=\"cat-item cat-item-28\"><a href=\"https:\/\/www.grundeinkommen-ist-waehlbar.de\/2018-he\/wahlkreis\/002-kassel-land-ii\/\">002 Kassel-Land II<\/a>\n<\/li>\n\t<li class=\"cat-item cat-item-30\"><a href=\"https:\/\/www.grundeinkommen-ist-waehlbar.de\/2018-he\/wahlkreis\/004-kassel-stadt-ii\/\">004 Kassel-Stadt II<\/a>\n<\/li>\n\t<li class=\"cat-item cat-item-33\"><a href=\"https:\/\/www.grundeinkommen-ist-waehlbar.de\/2018-he\/wahlkreis\/007-schwalm-eder-i\/\">007 Schwalm-Eder I<\/a>\n<\/li>\n\t<li class=\"cat-item cat-item-38\"><a href=\"https:\/\/www.grundeinkommen-ist-waehlbar.de\/2018-he\/wahlkreis\/012-marburg-biedenkopf-i\/\">012 Marburg-Biedenkopf I<\/a>\n<\/li>\n\t<li class=\"cat-item cat-item-39\"><a href=\"https:\/\/www.grundeinkommen-ist-waehlbar.de\/2018-he\/wahlkreis\/013-marburg-biedenkopf-ii\/\">013 Marburg-Biedenkopf II<\/a>\n<\/li>\n\t<li class=\"cat-item cat-item-41\"><a href=\"https:\/\/www.grundeinkommen-ist-waehlbar.de\/2018-he\/wahlkreis\/015-fulda-ii\/\">015 Fulda II<\/a>\n<\/li>\n\t<li class=\"cat-item cat-item-44\"><a href=\"https:\/\/www.grundeinkommen-ist-waehlbar.de\/2018-he\/wahlkreis\/018-giessen-i\/\">018 Gie\u00dfen I<\/a>\n<\/li>\n\t<li class=\"cat-item cat-item-48\"><a href=\"https:\/\/www.grundeinkommen-ist-waehlbar.de\/2018-he\/wahlkreis\/022-limburg-weilburg-ii\/\">022 Limburg-Weilburg II<\/a>\n<\/li>\n\t<li class=\"cat-item cat-item-49\"><a href=\"https:\/\/www.grundeinkommen-ist-waehlbar.de\/2018-he\/wahlkreis\/023-hochtaunus-i\/\">023 Hochtaunus I<\/a>\n<\/li>\n\t<li class=\"cat-item cat-item-52\"><a href=\"https:\/\/www.grundeinkommen-ist-waehlbar.de\/2018-he\/wahlkreis\/026-wetterau-ii\/\">026 Wetterau II<\/a>\n<\/li>\n\t<li class=\"cat-item cat-item-58\"><a href=\"https:\/\/www.grundeinkommen-ist-waehlbar.de\/2018-he\/wahlkreis\/032-main-taunus-i\/\">032 Main-Taunus I<\/a>\n<\/li>\n\t<li class=\"cat-item cat-item-61\"><a href=\"https:\/\/www.grundeinkommen-ist-waehlbar.de\/2018-he\/wahlkreis\/035-frankfurt-am-main-ii\/\">035 Frankfurt am Main II<\/a>\n<\/li>\n\t<li class=\"cat-item cat-item-63\"><a href=\"https:\/\/www.grundeinkommen-ist-waehlbar.de\/2018-he\/wahlkreis\/037-frankfurt-am-main-iv\/\">037 Frankfurt am Main IV<\/a>\n<\/li>\n\t<li class=\"cat-item cat-item-67\"><a href=\"https:\/\/www.grundeinkommen-ist-waehlbar.de\/2018-he\/wahlkreis\/041-main-kinzig-ii\/\">041 Main-Kinzig II<\/a>\n<\/li>\n\t<li class=\"cat-item cat-item-69\"><a href=\"https:\/\/www.grundeinkommen-ist-waehlbar.de\/2018-he\/wahlkreis\/043-offenbach-stadt\/\">043 Offenbach-Stadt<\/a>\n<\/li>\n\t<li class=\"cat-item cat-item-70\"><a href=\"https:\/\/www.grundeinkommen-ist-waehlbar.de\/2018-he\/wahlkreis\/044-offenbach-land-i\/\">044 Offenbach Land I<\/a>\n<\/li>\n\t<li class=\"cat-item cat-item-77\"><a href=\"https:\/\/www.grundeinkommen-ist-waehlbar.de\/2018-he\/wahlkreis\/051-darmstadt-dieburg-i\/\">051 Darmstadt-Dieburg I<\/a>\n<\/li>\n\t<li class=\"cat-item cat-item-78\"><a href=\"https:\/\/www.grundeinkommen-ist-waehlbar.de\/2018-he\/wahlkreis\/052-darmstadt-dieburg-ii\/\">052 Darmstadt-Dieburg II<\/a>\n<\/li>\n\t<li class=\"cat-item cat-item-79\"><a href=\"https:\/\/www.grundeinkommen-ist-waehlbar.de\/2018-he\/wahlkreis\/053-odenwald\/\">053 Odenwald<\/a>\n<\/li>\n\n","protected":false},"excerpt":{"rendered":"<p>Gibt es in Ihrem Wahlkreis eine\/n Kandidierenden, der\/die sich f\u00fcr ein bedingungsloses Grundeinkommen ausspricht? Wo k\u00f6nnen Sie Grundeinkommen w\u00e4hlen? Hier werden nur Wahlkreise angezeigt, in denen mindestens ein\/e Kandidat\/in f\u00fcr das Grundeinkommen ist. Finden Sie Kandidierende, indem Sie den entsprechenden Wahlkreis anklicken:<\/p>\n","protected":false},"author":5,"featured_media":0,"parent":0,"menu_order":0,"comment_status":"closed","ping_status":"closed","template":"","meta":{"footnotes":""},"class_list":["post-33","page","type-page","status-publish","hentry"],"_links":{"self":[{"href":"https:\/\/www.grundeinkommen-ist-waehlbar.de\/2018-he\/wp-json\/wp\/v2\/pages\/33","targetHints":{"allow":["GET"]}}],"collection":[{"href":"https:\/\/www.grundeinkommen-ist-waehlbar.de\/2018-he\/wp-json\/wp\/v2\/pages"}],"about":[{"href":"https:\/\/www.grundeinkommen-ist-waehlbar.de\/2018-he\/wp-json\/wp\/v2\/types\/page"}],"author":[{"embeddable":true,"href":"https:\/\/www.grundeinkommen-ist-waehlbar.de\/2018-he\/wp-json\/wp\/v2\/users\/5"}],"replies":[{"embeddable":true,"href":"https:\/\/www.grundeinkommen-ist-waehlbar.de\/2018-he\/wp-json\/wp\/v2\/comments?post=33"}],"version-history":[{"count":1,"href":"https:\/\/www.grundeinkommen-ist-waehlbar.de\/2018-he\/wp-json\/wp\/v2\/pages\/33\/revisions"}],"predecessor-version":[{"id":34,"href":"https:\/\/www.grundeinkommen-ist-waehlbar.de\/2018-he\/wp-json\/wp\/v2\/pages\/33\/revisions\/34"}],"wp:attachment":[{"href":"https:\/\/www.grundeinkommen-ist-waehlbar.de\/2018-he\/wp-json\/wp\/v2\/media?parent=33"}],"curies":[{"name":"wp","href":"https:\/\/api.w.org\/{rel}","templated":true}]}}