{"id":37,"date":"2019-04-09T10:26:14","date_gmt":"2019-04-09T08:26:14","guid":{"rendered":"http:\/\/www.grundeinkommen-ist-waehlbar.de\/2019-eu\/?page_id=37"},"modified":"2019-05-21T18:18:03","modified_gmt":"2019-05-21T16:18:03","slug":"parteien","status":"publish","type":"page","link":"https:\/\/www.grundeinkommen-ist-waehlbar.de\/2019-eu\/parteien\/","title":{"rendered":"Parteien"},"content":{"rendered":"\n<p>Das Netzwerk Grundeinkommen hat an der Wahl zum Europ\u00e4ischen Parlament angetretenen Parteien und politischen Vereinigungen <a href=\"https:\/\/www.grundeinkommen.de\/wp-content\/uploads\/2019\/03\/WPS-EU-Wahl-2019.pdf\">Wahlpr\u00fcfsteine <\/a>zugeschickt. <br><br><\/p>\n\n\n\n<p>Wir haben mit den <a href=\"https:\/\/www.grundeinkommen.de\/28\/03\/2019\/wahlpruefsteine-europawahl.html\">Wahlpr\u00fcfsteinen zur Europawahl 2019<\/a> die gleichen Fragen an Parteien aus Deutschland gestellt, die sich zur Europawahl dem W\u00e4hler stellen \u2013 mit Ausnahme von rechtsextremistischen bzw. rassistischen Parteien. 15 Parteien haben auf unsere Anfrage mit den Wahlpr\u00fcfsteinen reagiert und die Fragen beantwortet, einige erfreulicherweise recht ausf\u00fchrlich. <\/p>\n\n\n\n<p>Vier Parteien,\ndie uns geantwortet haben, bekennen sich klar zum Grundeinkommen \u2013 in\nalphabetischer Reihenfolge: B\u00fcndnis Grundeinkommen, Die Humanisten, Die\nVioletten, Piratenpartei.<\/p>\n\n\n\n<p>Mehrere Parteien haben zwar kein Grundeinkommen im Wahlprogramm, diskutieren aber dar\u00fcber und\/oder sind f\u00fcr Modellprojekte und\/oder f\u00fcr soziale Transfers, die als Schritte hin zu einem Grundeinkommen bewertet werden k\u00f6nnen. Das sind in alphabetischer Reihenfolge: Aktion Partei f\u00fcr Tierschutz, B\u00dcNDNIS 90\/DIE GR\u00dcNEN, DiEM 25 &#8211; Demokratie in Europa, DIE LINKE, Freie W\u00e4hler, MENSCHLICHE WELT, Volt Deutschland.<\/p>\n\n\n\n<p>Sechs Parteien,\ndie uns geantwortet haben, sprechen sich gegen das Grundeinkommen aus, in\nalphabetischer Reihenfolge sind das: CDU\/CSU, FDP, LKR\nLiberal-Konservative-Reformer, \u00d6DP (wobei die \u00d6DP ebenfalls Vorschl\u00e4ge\nunterbreitet, die in Richtung Grundeinkommen gehen), SPD.<\/p>\n\n\n\n<p>Wir verzichten\nhier bewusst auf eine weitere Wertung der Antworten oder auf eine\nWahlempfehlung. Das Netzwerk Grundeinkommen sieht das nicht als seine Aufgabe\nan. Wir sind \u00fcberparteilich und wollen neutral bleiben.<\/p>\n\n\n\n<p>Wir w\u00fcnschen Ihnen ein angenehmes Studium der Antworten und hoffen, dass wir Sie bei der Entscheidungsfindung unterst\u00fctzen k\u00f6nnen. Dar\u00fcber hinaus verweisen wir auf die <a href=\"https:\/\/www.europawahl-bw.de\/europawahlprogramme.html\">\u00dcbersicht<\/a> \u00fcber Europawahlprogramme der Parteien. Dort ist ersichtlich, dass weitere Parteien, die uns nicht geantwortet haben, sich f\u00fcr Schritte in Richtung Grundeinkommen einsetzen bzw. dem Grundeinkommen offen gegen\u00fcberstehen. Ronald Blaschke, Michael Levedag\u201c <\/p>\n\n\n\n<p>Folgend haben wir die angefragten Parteien anhand ihrer Logos aufgef\u00fchrt. Steht unter dem Logo das Wort &#8222;Link&#8220;, dann liegt uns eine Reaktion der betreffenden Partei bzw. politischen Vereinigung vor. Der Link f\u00fchrt zu der im PDF-Format hinterlegten Antwort.<\/p>\n\n\n\n<ul class=\"wp-block-gallery columns-3\"><li class=\"blocks-gallery-item\"><figure><img loading=\"lazy\" decoding=\"async\" width=\"851\" height=\"390\" src=\"http:\/\/www.grundeinkommen-ist-waehlbar.de\/2019-eu\/wp-content\/uploads\/sites\/7\/2019\/05\/CDU-CSU.jpg\" alt=\"\" data-id=\"69\" data-link=\"http:\/\/www.grundeinkommen-ist-waehlbar.de\/2019-eu\/parteien\/cdu-csu\/\" class=\"wp-image-69\" srcset=\"https:\/\/www.grundeinkommen-ist-waehlbar.de\/2019-eu\/wp-content\/uploads\/sites\/7\/2019\/05\/CDU-CSU.jpg 851w, https:\/\/www.grundeinkommen-ist-waehlbar.de\/2019-eu\/wp-content\/uploads\/sites\/7\/2019\/05\/CDU-CSU-300x137.jpg 300w, https:\/\/www.grundeinkommen-ist-waehlbar.de\/2019-eu\/wp-content\/uploads\/sites\/7\/2019\/05\/CDU-CSU-768x352.jpg 768w\" sizes=\"auto, (max-width: 706px) 89vw, (max-width: 767px) 82vw, 740px\" \/><figcaption><a href=\"http:\/\/www.grundeinkommen-ist-waehlbar.de\/2019-eu\/wp-content\/uploads\/sites\/7\/2019\/05\/CDU-EU-WAHL-2019.pdf\">Link<\/a><\/figcaption><\/figure><\/li><li class=\"blocks-gallery-item\"><figure><img loading=\"lazy\" decoding=\"async\" width=\"390\" height=\"390\" src=\"http:\/\/www.grundeinkommen-ist-waehlbar.de\/2019-eu\/wp-content\/uploads\/sites\/7\/2019\/05\/http-_www.spd-berlin.de_w_files_bilder_downloads_logo_spd_4c_100mm.jpg\" alt=\"\" data-id=\"70\" data-link=\"http:\/\/www.grundeinkommen-ist-waehlbar.de\/2019-eu\/parteien\/http-_www-spd-berlin-de_w_files_bilder_downloads_logo_spd_4c_100mm\/\" class=\"wp-image-70\" srcset=\"https:\/\/www.grundeinkommen-ist-waehlbar.de\/2019-eu\/wp-content\/uploads\/sites\/7\/2019\/05\/http-_www.spd-berlin.de_w_files_bilder_downloads_logo_spd_4c_100mm.jpg 390w, https:\/\/www.grundeinkommen-ist-waehlbar.de\/2019-eu\/wp-content\/uploads\/sites\/7\/2019\/05\/http-_www.spd-berlin.de_w_files_bilder_downloads_logo_spd_4c_100mm-150x150.jpg 150w, https:\/\/www.grundeinkommen-ist-waehlbar.de\/2019-eu\/wp-content\/uploads\/sites\/7\/2019\/05\/http-_www.spd-berlin.de_w_files_bilder_downloads_logo_spd_4c_100mm-300x300.jpg 300w, https:\/\/www.grundeinkommen-ist-waehlbar.de\/2019-eu\/wp-content\/uploads\/sites\/7\/2019\/05\/http-_www.spd-berlin.de_w_files_bilder_downloads_logo_spd_4c_100mm-100x100.jpg 100w\" sizes=\"auto, (max-width: 390px) 100vw, 390px\" \/><figcaption><a href=\"http:\/\/www.grundeinkommen-ist-waehlbar.de\/2019-eu\/wp-content\/uploads\/sites\/7\/2019\/05\/SPD-EU-WAHL-2019.pdf\">Link<\/a><\/figcaption><\/figure><\/li><li class=\"blocks-gallery-item\"><figure><img loading=\"lazy\" decoding=\"async\" width=\"551\" height=\"390\" src=\"http:\/\/www.grundeinkommen-ist-waehlbar.de\/2019-eu\/wp-content\/uploads\/sites\/7\/2019\/05\/https-_upload.wikimedia.org_wikipedia_commons_3_3f_Logo_Buendnis90-Gruene.jpg\" alt=\"\" data-id=\"71\" data-link=\"http:\/\/www.grundeinkommen-ist-waehlbar.de\/2019-eu\/parteien\/https-_upload-wikimedia-org_wikipedia_commons_3_3f_logo_buendnis90-gruene\/\" class=\"wp-image-71\" srcset=\"https:\/\/www.grundeinkommen-ist-waehlbar.de\/2019-eu\/wp-content\/uploads\/sites\/7\/2019\/05\/https-_upload.wikimedia.org_wikipedia_commons_3_3f_Logo_Buendnis90-Gruene.jpg 551w, https:\/\/www.grundeinkommen-ist-waehlbar.de\/2019-eu\/wp-content\/uploads\/sites\/7\/2019\/05\/https-_upload.wikimedia.org_wikipedia_commons_3_3f_Logo_Buendnis90-Gruene-300x212.jpg 300w\" sizes=\"auto, (max-width: 551px) 100vw, 551px\" \/><figcaption><a href=\"http:\/\/www.grundeinkommen-ist-waehlbar.de\/2019-eu\/wp-content\/uploads\/sites\/7\/2019\/05\/DIE-GR\u00dcNEN-EU-WAHL-2019.pdf\">Link<\/a><\/figcaption><\/figure><\/li><li class=\"blocks-gallery-item\"><figure><img loading=\"lazy\" decoding=\"async\" width=\"754\" height=\"390\" src=\"http:\/\/www.grundeinkommen-ist-waehlbar.de\/2019-eu\/wp-content\/uploads\/sites\/7\/2019\/05\/https-_dom.lvr_.de_lvis_lvr_design.nsf_LINKE_G.jpg\" alt=\"\" data-id=\"72\" data-link=\"http:\/\/www.grundeinkommen-ist-waehlbar.de\/2019-eu\/parteien\/https-_dom-lvr-de_lvis_lvr_design-nsf_linke_g\/\" class=\"wp-image-72\" srcset=\"https:\/\/www.grundeinkommen-ist-waehlbar.de\/2019-eu\/wp-content\/uploads\/sites\/7\/2019\/05\/https-_dom.lvr_.de_lvis_lvr_design.nsf_LINKE_G.jpg 754w, https:\/\/www.grundeinkommen-ist-waehlbar.de\/2019-eu\/wp-content\/uploads\/sites\/7\/2019\/05\/https-_dom.lvr_.de_lvis_lvr_design.nsf_LINKE_G-300x155.jpg 300w\" sizes=\"auto, (max-width: 706px) 89vw, (max-width: 767px) 82vw, 740px\" \/><figcaption><a href=\"http:\/\/www.grundeinkommen-ist-waehlbar.de\/2019-eu\/wp-content\/uploads\/sites\/7\/2019\/05\/DIE-LINKE-EU-WAHL-2019.pdf\">Link<\/a><\/figcaption><\/figure><\/li><li class=\"blocks-gallery-item\"><figure><img loading=\"lazy\" decoding=\"async\" width=\"693\" height=\"390\" src=\"http:\/\/www.grundeinkommen-ist-waehlbar.de\/2019-eu\/wp-content\/uploads\/sites\/7\/2019\/05\/http-_www.horizont.net_news_media_13_FDP-Logo-Ne-2015-123655.jpeg\" alt=\"\" data-id=\"74\" data-link=\"http:\/\/www.grundeinkommen-ist-waehlbar.de\/2019-eu\/parteien\/http-_www-horizont-net_news_media_13_fdp-logo-ne-2015-123655\/\" class=\"wp-image-74\" srcset=\"https:\/\/www.grundeinkommen-ist-waehlbar.de\/2019-eu\/wp-content\/uploads\/sites\/7\/2019\/05\/http-_www.horizont.net_news_media_13_FDP-Logo-Ne-2015-123655.jpeg 693w, https:\/\/www.grundeinkommen-ist-waehlbar.de\/2019-eu\/wp-content\/uploads\/sites\/7\/2019\/05\/http-_www.horizont.net_news_media_13_FDP-Logo-Ne-2015-123655-300x169.jpeg 300w\" sizes=\"auto, (max-width: 693px) 100vw, 693px\" \/><figcaption><a href=\"http:\/\/www.grundeinkommen-ist-waehlbar.de\/2019-eu\/wp-content\/uploads\/sites\/7\/2019\/05\/FDP-EU-WAHL-2019.pdf\">Link<\/a><\/figcaption><\/figure><\/li><li class=\"blocks-gallery-item\"><figure><img loading=\"lazy\" decoding=\"async\" width=\"694\" height=\"390\" src=\"http:\/\/www.grundeinkommen-ist-waehlbar.de\/2019-eu\/wp-content\/uploads\/sites\/7\/2019\/05\/http-_bilder.t-online.de_b_79_09_10_68_id_79091068_610_tid_da_das-logo-der-freien-waehler.jpg\" alt=\"\" data-id=\"75\" data-link=\"http:\/\/www.grundeinkommen-ist-waehlbar.de\/2019-eu\/parteien\/http-_bilder-t-online-de_b_79_09_10_68_id_79091068_610_tid_da_das-logo-der-freien-waehler\/\" class=\"wp-image-75\" srcset=\"https:\/\/www.grundeinkommen-ist-waehlbar.de\/2019-eu\/wp-content\/uploads\/sites\/7\/2019\/05\/http-_bilder.t-online.de_b_79_09_10_68_id_79091068_610_tid_da_das-logo-der-freien-waehler.jpg 694w, https:\/\/www.grundeinkommen-ist-waehlbar.de\/2019-eu\/wp-content\/uploads\/sites\/7\/2019\/05\/http-_bilder.t-online.de_b_79_09_10_68_id_79091068_610_tid_da_das-logo-der-freien-waehler-300x169.jpg 300w\" sizes=\"auto, (max-width: 694px) 100vw, 694px\" \/><figcaption><a href=\"http:\/\/www.grundeinkommen-ist-waehlbar.de\/2019-eu\/wp-content\/uploads\/sites\/7\/2019\/05\/FREIE-WA\u0308HLER-EU-WAHL-2019.pdf\">Link<\/a><\/figcaption><\/figure><\/li><li class=\"blocks-gallery-item\"><figure><img loading=\"lazy\" decoding=\"async\" width=\"1024\" height=\"345\" src=\"http:\/\/www.grundeinkommen-ist-waehlbar.de\/2019-eu\/wp-content\/uploads\/sites\/7\/2019\/05\/PPDE_EU19_Logo-1024x345.png\" alt=\"\" data-id=\"76\" data-link=\"http:\/\/www.grundeinkommen-ist-waehlbar.de\/2019-eu\/parteien\/ppde_eu19_logo\/\" class=\"wp-image-76\" srcset=\"https:\/\/www.grundeinkommen-ist-waehlbar.de\/2019-eu\/wp-content\/uploads\/sites\/7\/2019\/05\/PPDE_EU19_Logo-1024x345.png 1024w, https:\/\/www.grundeinkommen-ist-waehlbar.de\/2019-eu\/wp-content\/uploads\/sites\/7\/2019\/05\/PPDE_EU19_Logo-300x101.png 300w, https:\/\/www.grundeinkommen-ist-waehlbar.de\/2019-eu\/wp-content\/uploads\/sites\/7\/2019\/05\/PPDE_EU19_Logo-768x259.png 768w, https:\/\/www.grundeinkommen-ist-waehlbar.de\/2019-eu\/wp-content\/uploads\/sites\/7\/2019\/05\/PPDE_EU19_Logo.png 1500w\" sizes=\"auto, (max-width: 706px) 89vw, (max-width: 767px) 82vw, 740px\" \/><figcaption><a href=\"http:\/\/www.grundeinkommen-ist-waehlbar.de\/2019-eu\/wp-content\/uploads\/sites\/7\/2019\/05\/PIRATENPARTEI-EU-WAHL-2019.pdf\">Link<\/a><\/figcaption><\/figure><\/li><li class=\"blocks-gallery-item\"><figure><img loading=\"lazy\" decoding=\"async\" width=\"742\" height=\"390\" src=\"http:\/\/www.grundeinkommen-ist-waehlbar.de\/2019-eu\/wp-content\/uploads\/sites\/7\/2019\/05\/https-_www.tierschutzpartei.de_wp-content_uploads_2016_02_Partei-Mensch-Umwelt-Tierschutz-Logo.png\" alt=\"\" data-id=\"77\" data-link=\"http:\/\/www.grundeinkommen-ist-waehlbar.de\/2019-eu\/parteien\/https-_www-tierschutzpartei-de_wp-content_uploads_2016_02_partei-mensch-umwelt-tierschutz-logo\/\" class=\"wp-image-77\" srcset=\"https:\/\/www.grundeinkommen-ist-waehlbar.de\/2019-eu\/wp-content\/uploads\/sites\/7\/2019\/05\/https-_www.tierschutzpartei.de_wp-content_uploads_2016_02_Partei-Mensch-Umwelt-Tierschutz-Logo.png 742w, https:\/\/www.grundeinkommen-ist-waehlbar.de\/2019-eu\/wp-content\/uploads\/sites\/7\/2019\/05\/https-_www.tierschutzpartei.de_wp-content_uploads_2016_02_Partei-Mensch-Umwelt-Tierschutz-Logo-300x158.png 300w\" sizes=\"auto, (max-width: 706px) 89vw, (max-width: 767px) 82vw, 740px\" \/><\/figure><\/li><li class=\"blocks-gallery-item\"><figure><img loading=\"lazy\" decoding=\"async\" width=\"1024\" height=\"261\" src=\"http:\/\/www.grundeinkommen-ist-waehlbar.de\/2019-eu\/wp-content\/uploads\/sites\/7\/2019\/05\/http-_www.zukunft-mobilitaet.net_wp-content_uploads_2012_03_logo-familien-partei-1024x261.png\" alt=\"\" data-id=\"79\" data-link=\"http:\/\/www.grundeinkommen-ist-waehlbar.de\/2019-eu\/parteien\/http-_www-zukunft-mobilitaet-net_wp-content_uploads_2012_03_logo-familien-partei\/\" class=\"wp-image-79\" srcset=\"https:\/\/www.grundeinkommen-ist-waehlbar.de\/2019-eu\/wp-content\/uploads\/sites\/7\/2019\/05\/http-_www.zukunft-mobilitaet.net_wp-content_uploads_2012_03_logo-familien-partei-1024x261.png 1024w, https:\/\/www.grundeinkommen-ist-waehlbar.de\/2019-eu\/wp-content\/uploads\/sites\/7\/2019\/05\/http-_www.zukunft-mobilitaet.net_wp-content_uploads_2012_03_logo-familien-partei-300x76.png 300w, https:\/\/www.grundeinkommen-ist-waehlbar.de\/2019-eu\/wp-content\/uploads\/sites\/7\/2019\/05\/http-_www.zukunft-mobilitaet.net_wp-content_uploads_2012_03_logo-familien-partei-768x196.png 768w, https:\/\/www.grundeinkommen-ist-waehlbar.de\/2019-eu\/wp-content\/uploads\/sites\/7\/2019\/05\/http-_www.zukunft-mobilitaet.net_wp-content_uploads_2012_03_logo-familien-partei.png 1530w\" sizes=\"auto, (max-width: 706px) 89vw, (max-width: 767px) 82vw, 740px\" \/><\/figure><\/li><li class=\"blocks-gallery-item\"><figure><img loading=\"lazy\" decoding=\"async\" width=\"650\" height=\"390\" src=\"http:\/\/www.grundeinkommen-ist-waehlbar.de\/2019-eu\/wp-content\/uploads\/sites\/7\/2019\/05\/https-_www.oedp_.de_fileadmin_user_upload_bundesverband_intern_layoutwerbemittel_layout_LogoSchriftWeiC39F.jpg\" alt=\"\" data-id=\"80\" data-link=\"http:\/\/www.grundeinkommen-ist-waehlbar.de\/2019-eu\/parteien\/https-_www-oedp-de_fileadmin_user_upload_bundesverband_intern_layoutwerbemittel_layout_logoschriftwei%c3%9f\/\" class=\"wp-image-80\" srcset=\"https:\/\/www.grundeinkommen-ist-waehlbar.de\/2019-eu\/wp-content\/uploads\/sites\/7\/2019\/05\/https-_www.oedp_.de_fileadmin_user_upload_bundesverband_intern_layoutwerbemittel_layout_LogoSchriftWeiC39F.jpg 650w, https:\/\/www.grundeinkommen-ist-waehlbar.de\/2019-eu\/wp-content\/uploads\/sites\/7\/2019\/05\/https-_www.oedp_.de_fileadmin_user_upload_bundesverband_intern_layoutwerbemittel_layout_LogoSchriftWeiC39F-300x180.jpg 300w\" sizes=\"auto, (max-width: 650px) 100vw, 650px\" \/><figcaption><a href=\"http:\/\/www.grundeinkommen-ist-waehlbar.de\/2019-eu\/wp-content\/uploads\/sites\/7\/2019\/05\/\u00d6DP-EU-WAHL-2019.pdf\">Link<\/a><\/figcaption><\/figure><\/li><li class=\"blocks-gallery-item\"><figure><img loading=\"lazy\" decoding=\"async\" width=\"1024\" height=\"185\" src=\"http:\/\/www.grundeinkommen-ist-waehlbar.de\/2019-eu\/wp-content\/uploads\/sites\/7\/2019\/05\/https-_die-partei.net_potsdam_files_2017_05_DiePARTEI_Logo-1024x185.jpg\" alt=\"\" data-id=\"81\" data-link=\"http:\/\/www.grundeinkommen-ist-waehlbar.de\/2019-eu\/parteien\/https-_die-partei-net_potsdam_files_2017_05_diepartei_logo\/\" class=\"wp-image-81\" srcset=\"https:\/\/www.grundeinkommen-ist-waehlbar.de\/2019-eu\/wp-content\/uploads\/sites\/7\/2019\/05\/https-_die-partei.net_potsdam_files_2017_05_DiePARTEI_Logo-1024x185.jpg 1024w, https:\/\/www.grundeinkommen-ist-waehlbar.de\/2019-eu\/wp-content\/uploads\/sites\/7\/2019\/05\/https-_die-partei.net_potsdam_files_2017_05_DiePARTEI_Logo-300x54.jpg 300w, https:\/\/www.grundeinkommen-ist-waehlbar.de\/2019-eu\/wp-content\/uploads\/sites\/7\/2019\/05\/https-_die-partei.net_potsdam_files_2017_05_DiePARTEI_Logo-768x139.jpg 768w\" sizes=\"auto, (max-width: 706px) 89vw, (max-width: 767px) 82vw, 740px\" \/><\/figure><\/li><li class=\"blocks-gallery-item\"><figure><img loading=\"lazy\" decoding=\"async\" width=\"529\" height=\"390\" src=\"http:\/\/www.grundeinkommen-ist-waehlbar.de\/2019-eu\/wp-content\/uploads\/sites\/7\/2019\/05\/http-_volksabstimmung.de_img_app_logo.jpg\" alt=\"\" data-id=\"82\" data-link=\"http:\/\/www.grundeinkommen-ist-waehlbar.de\/2019-eu\/parteien\/http-_volksabstimmung-de_img_app_logo\/\" class=\"wp-image-82\" srcset=\"https:\/\/www.grundeinkommen-ist-waehlbar.de\/2019-eu\/wp-content\/uploads\/sites\/7\/2019\/05\/http-_volksabstimmung.de_img_app_logo.jpg 529w, https:\/\/www.grundeinkommen-ist-waehlbar.de\/2019-eu\/wp-content\/uploads\/sites\/7\/2019\/05\/http-_volksabstimmung.de_img_app_logo-300x221.jpg 300w\" sizes=\"auto, (max-width: 529px) 100vw, 529px\" \/><figcaption><a href=\"http:\/\/www.grundeinkommen-ist-waehlbar.de\/2019-eu\/wp-content\/uploads\/sites\/7\/2019\/05\/VOLKSABSTIMMUNG-EU-WAHL-2019.pdf\">Link<\/a><\/figcaption><\/figure><\/li><li class=\"blocks-gallery-item\"><figure><img loading=\"lazy\" decoding=\"async\" width=\"307\" height=\"390\" src=\"http:\/\/www.grundeinkommen-ist-waehlbar.de\/2019-eu\/wp-content\/uploads\/sites\/7\/2019\/05\/https-_www.extremnews.com_images_full-b8def50195a148ba8b9d79e1c95b2767.jpg\" alt=\"\" data-id=\"83\" data-link=\"http:\/\/www.grundeinkommen-ist-waehlbar.de\/2019-eu\/parteien\/https-_www-extremnews-com_images_full-b8def50195a148ba8b9d79e1c95b2767\/\" class=\"wp-image-83\" srcset=\"https:\/\/www.grundeinkommen-ist-waehlbar.de\/2019-eu\/wp-content\/uploads\/sites\/7\/2019\/05\/https-_www.extremnews.com_images_full-b8def50195a148ba8b9d79e1c95b2767.jpg 307w, https:\/\/www.grundeinkommen-ist-waehlbar.de\/2019-eu\/wp-content\/uploads\/sites\/7\/2019\/05\/https-_www.extremnews.com_images_full-b8def50195a148ba8b9d79e1c95b2767-236x300.jpg 236w\" sizes=\"auto, (max-width: 307px) 100vw, 307px\" \/><\/figure><\/li><li class=\"blocks-gallery-item\"><figure><img loading=\"lazy\" decoding=\"async\" width=\"643\" height=\"390\" src=\"http:\/\/www.grundeinkommen-ist-waehlbar.de\/2019-eu\/wp-content\/uploads\/sites\/7\/2019\/05\/http-_www.parteienlexikon.de_DKP-Logo-MV_2012.jpg\" alt=\"\" data-id=\"84\" data-link=\"http:\/\/www.grundeinkommen-ist-waehlbar.de\/2019-eu\/parteien\/http-_www-parteienlexikon-de_dkp-logo-mv_2012\/\" class=\"wp-image-84\" srcset=\"https:\/\/www.grundeinkommen-ist-waehlbar.de\/2019-eu\/wp-content\/uploads\/sites\/7\/2019\/05\/http-_www.parteienlexikon.de_DKP-Logo-MV_2012.jpg 643w, https:\/\/www.grundeinkommen-ist-waehlbar.de\/2019-eu\/wp-content\/uploads\/sites\/7\/2019\/05\/http-_www.parteienlexikon.de_DKP-Logo-MV_2012-300x182.jpg 300w\" sizes=\"auto, (max-width: 643px) 100vw, 643px\" \/><\/figure><\/li><li class=\"blocks-gallery-item\"><figure><img loading=\"lazy\" decoding=\"async\" width=\"1024\" height=\"381\" src=\"http:\/\/www.grundeinkommen-ist-waehlbar.de\/2019-eu\/wp-content\/uploads\/sites\/7\/2019\/05\/https-_upload.wikimedia.org_wikipedia_commons_thumb_d_dc_MLPD-Logo.svg_1119px-MLPD-Logo.svg_-1024x381.png\" alt=\"\" data-id=\"85\" data-link=\"http:\/\/www.grundeinkommen-ist-waehlbar.de\/2019-eu\/parteien\/https-_upload-wikimedia-org_wikipedia_commons_thumb_d_dc_mlpd-logo-svg_1119px-mlpd-logo-svg\/\" class=\"wp-image-85\" srcset=\"https:\/\/www.grundeinkommen-ist-waehlbar.de\/2019-eu\/wp-content\/uploads\/sites\/7\/2019\/05\/https-_upload.wikimedia.org_wikipedia_commons_thumb_d_dc_MLPD-Logo.svg_1119px-MLPD-Logo.svg_-1024x381.png 1024w, https:\/\/www.grundeinkommen-ist-waehlbar.de\/2019-eu\/wp-content\/uploads\/sites\/7\/2019\/05\/https-_upload.wikimedia.org_wikipedia_commons_thumb_d_dc_MLPD-Logo.svg_1119px-MLPD-Logo.svg_-300x112.png 300w, https:\/\/www.grundeinkommen-ist-waehlbar.de\/2019-eu\/wp-content\/uploads\/sites\/7\/2019\/05\/https-_upload.wikimedia.org_wikipedia_commons_thumb_d_dc_MLPD-Logo.svg_1119px-MLPD-Logo.svg_-768x286.png 768w, https:\/\/www.grundeinkommen-ist-waehlbar.de\/2019-eu\/wp-content\/uploads\/sites\/7\/2019\/05\/https-_upload.wikimedia.org_wikipedia_commons_thumb_d_dc_MLPD-Logo.svg_1119px-MLPD-Logo.svg_.png 1049w\" sizes=\"auto, (max-width: 706px) 89vw, (max-width: 767px) 82vw, 740px\" \/><\/figure><\/li><li class=\"blocks-gallery-item\"><figure><img loading=\"lazy\" decoding=\"async\" width=\"1024\" height=\"112\" src=\"http:\/\/www.grundeinkommen-ist-waehlbar.de\/2019-eu\/wp-content\/uploads\/sites\/7\/2019\/05\/logo2019b-1024x112.png\" alt=\"\" data-id=\"86\" data-link=\"http:\/\/www.grundeinkommen-ist-waehlbar.de\/2019-eu\/parteien\/logo2019b\/\" class=\"wp-image-86\" srcset=\"https:\/\/www.grundeinkommen-ist-waehlbar.de\/2019-eu\/wp-content\/uploads\/sites\/7\/2019\/05\/logo2019b-1024x112.png 1024w, https:\/\/www.grundeinkommen-ist-waehlbar.de\/2019-eu\/wp-content\/uploads\/sites\/7\/2019\/05\/logo2019b-300x33.png 300w, https:\/\/www.grundeinkommen-ist-waehlbar.de\/2019-eu\/wp-content\/uploads\/sites\/7\/2019\/05\/logo2019b-768x84.png 768w, https:\/\/www.grundeinkommen-ist-waehlbar.de\/2019-eu\/wp-content\/uploads\/sites\/7\/2019\/05\/logo2019b.png 1280w\" sizes=\"auto, (max-width: 706px) 89vw, (max-width: 767px) 82vw, 740px\" \/><\/figure><\/li><li class=\"blocks-gallery-item\"><figure><img loading=\"lazy\" decoding=\"async\" width=\"1024\" height=\"307\" src=\"http:\/\/www.grundeinkommen-ist-waehlbar.de\/2019-eu\/wp-content\/uploads\/sites\/7\/2019\/05\/cropped-header-tierschutz-wahl2-web-1024x307.jpg\" alt=\"\" data-id=\"87\" data-link=\"http:\/\/www.grundeinkommen-ist-waehlbar.de\/2019-eu\/parteien\/cropped-header-tierschutz-wahl2-web\/\" class=\"wp-image-87\" srcset=\"https:\/\/www.grundeinkommen-ist-waehlbar.de\/2019-eu\/wp-content\/uploads\/sites\/7\/2019\/05\/cropped-header-tierschutz-wahl2-web-1024x307.jpg 1024w, https:\/\/www.grundeinkommen-ist-waehlbar.de\/2019-eu\/wp-content\/uploads\/sites\/7\/2019\/05\/cropped-header-tierschutz-wahl2-web-300x90.jpg 300w, https:\/\/www.grundeinkommen-ist-waehlbar.de\/2019-eu\/wp-content\/uploads\/sites\/7\/2019\/05\/cropped-header-tierschutz-wahl2-web-768x230.jpg 768w, https:\/\/www.grundeinkommen-ist-waehlbar.de\/2019-eu\/wp-content\/uploads\/sites\/7\/2019\/05\/cropped-header-tierschutz-wahl2-web.jpg 1200w\" sizes=\"auto, (max-width: 706px) 89vw, (max-width: 767px) 82vw, 740px\" \/><figcaption><a href=\"http:\/\/www.grundeinkommen-ist-waehlbar.de\/2019-eu\/wp-content\/uploads\/sites\/7\/2019\/05\/TIERSCHUTZ-HIER-EU-WAHL-2019.pdf\">Link<\/a><\/figcaption><\/figure><\/li><li class=\"blocks-gallery-item\"><figure><img loading=\"lazy\" decoding=\"async\" width=\"693\" height=\"390\" src=\"http:\/\/www.grundeinkommen-ist-waehlbar.de\/2019-eu\/wp-content\/uploads\/sites\/7\/2019\/05\/https-_www.tagesschau.de_multimedia_bilder_tierschutzallianz-101_v-videowebl.jpg\" alt=\"\" data-id=\"88\" data-link=\"http:\/\/www.grundeinkommen-ist-waehlbar.de\/2019-eu\/parteien\/https-_www-tagesschau-de_multimedia_bilder_tierschutzallianz-101_v-videowebl\/\" class=\"wp-image-88\" srcset=\"https:\/\/www.grundeinkommen-ist-waehlbar.de\/2019-eu\/wp-content\/uploads\/sites\/7\/2019\/05\/https-_www.tagesschau.de_multimedia_bilder_tierschutzallianz-101_v-videowebl.jpg 693w, https:\/\/www.grundeinkommen-ist-waehlbar.de\/2019-eu\/wp-content\/uploads\/sites\/7\/2019\/05\/https-_www.tagesschau.de_multimedia_bilder_tierschutzallianz-101_v-videowebl-300x169.jpg 300w\" sizes=\"auto, (max-width: 693px) 100vw, 693px\" \/><\/figure><\/li><li class=\"blocks-gallery-item\"><figure><img loading=\"lazy\" decoding=\"async\" width=\"552\" height=\"390\" src=\"http:\/\/www.grundeinkommen-ist-waehlbar.de\/2019-eu\/wp-content\/uploads\/sites\/7\/2019\/05\/http-_deutschlandwaehlt.de_wp-content_uploads_2017_07_logo_BC3BCndnisC_2017-300x212.jpg\" alt=\"\" data-id=\"89\" data-link=\"http:\/\/www.grundeinkommen-ist-waehlbar.de\/2019-eu\/parteien\/http-_deutschlandwaehlt-de_wp-content_uploads_2017_07_logo_b%c3%bcndnisc_2017-300x212\/\" class=\"wp-image-89\" srcset=\"https:\/\/www.grundeinkommen-ist-waehlbar.de\/2019-eu\/wp-content\/uploads\/sites\/7\/2019\/05\/http-_deutschlandwaehlt.de_wp-content_uploads_2017_07_logo_BC3BCndnisC_2017-300x212.jpg 552w, https:\/\/www.grundeinkommen-ist-waehlbar.de\/2019-eu\/wp-content\/uploads\/sites\/7\/2019\/05\/http-_deutschlandwaehlt.de_wp-content_uploads_2017_07_logo_BC3BCndnisC_2017-300x212-300x212.jpg 300w\" sizes=\"auto, (max-width: 552px) 100vw, 552px\" \/><\/figure><\/li><li class=\"blocks-gallery-item\"><figure><img loading=\"lazy\" decoding=\"async\" width=\"664\" height=\"390\" src=\"http:\/\/www.grundeinkommen-ist-waehlbar.de\/2019-eu\/wp-content\/uploads\/sites\/7\/2019\/05\/https-_upload.wikimedia.org_wikipedia_commons_b_b6_Buendnis_fuer_Innovation_und_Gerechtigkeit_logo.jpg\" alt=\"\" data-id=\"90\" data-link=\"http:\/\/www.grundeinkommen-ist-waehlbar.de\/2019-eu\/parteien\/https-_upload-wikimedia-org_wikipedia_commons_b_b6_buendnis_fuer_innovation_und_gerechtigkeit_logo\/\" class=\"wp-image-90\" srcset=\"https:\/\/www.grundeinkommen-ist-waehlbar.de\/2019-eu\/wp-content\/uploads\/sites\/7\/2019\/05\/https-_upload.wikimedia.org_wikipedia_commons_b_b6_Buendnis_fuer_Innovation_und_Gerechtigkeit_logo.jpg 664w, https:\/\/www.grundeinkommen-ist-waehlbar.de\/2019-eu\/wp-content\/uploads\/sites\/7\/2019\/05\/https-_upload.wikimedia.org_wikipedia_commons_b_b6_Buendnis_fuer_Innovation_und_Gerechtigkeit_logo-300x176.jpg 300w\" sizes=\"auto, (max-width: 664px) 100vw, 664px\" \/><\/figure><\/li><li class=\"blocks-gallery-item\"><figure><img loading=\"lazy\" decoding=\"async\" width=\"390\" height=\"390\" src=\"http:\/\/www.grundeinkommen-ist-waehlbar.de\/2019-eu\/wp-content\/uploads\/sites\/7\/2019\/05\/https-_upload.wikimedia.org_wikipedia_commons_4_45_BGE_Logo_neu.png\" alt=\"\" data-id=\"91\" data-link=\"http:\/\/www.grundeinkommen-ist-waehlbar.de\/2019-eu\/parteien\/https-_upload-wikimedia-org_wikipedia_commons_4_45_bge_logo_neu\/\" class=\"wp-image-91\" srcset=\"https:\/\/www.grundeinkommen-ist-waehlbar.de\/2019-eu\/wp-content\/uploads\/sites\/7\/2019\/05\/https-_upload.wikimedia.org_wikipedia_commons_4_45_BGE_Logo_neu.png 390w, https:\/\/www.grundeinkommen-ist-waehlbar.de\/2019-eu\/wp-content\/uploads\/sites\/7\/2019\/05\/https-_upload.wikimedia.org_wikipedia_commons_4_45_BGE_Logo_neu-150x150.png 150w, https:\/\/www.grundeinkommen-ist-waehlbar.de\/2019-eu\/wp-content\/uploads\/sites\/7\/2019\/05\/https-_upload.wikimedia.org_wikipedia_commons_4_45_BGE_Logo_neu-300x300.png 300w, https:\/\/www.grundeinkommen-ist-waehlbar.de\/2019-eu\/wp-content\/uploads\/sites\/7\/2019\/05\/https-_upload.wikimedia.org_wikipedia_commons_4_45_BGE_Logo_neu-100x100.png 100w\" sizes=\"auto, (max-width: 390px) 100vw, 390px\" \/><figcaption><a href=\"http:\/\/www.grundeinkommen-ist-waehlbar.de\/2019-eu\/wp-content\/uploads\/sites\/7\/2019\/05\/B\u00dcNDNIS-GRUNDEINKOMMEN-EU-WAHL-2019.pdf\">Link<\/a><\/figcaption><\/figure><\/li><li class=\"blocks-gallery-item\"><figure><img loading=\"lazy\" decoding=\"async\" width=\"591\" height=\"591\" src=\"http:\/\/www.grundeinkommen-ist-waehlbar.de\/2019-eu\/wp-content\/uploads\/sites\/7\/2019\/05\/DD_Wahlomat_Kasten-01-01.jpg\" alt=\"\" data-id=\"92\" data-link=\"http:\/\/www.grundeinkommen-ist-waehlbar.de\/2019-eu\/parteien\/dd_wahlomat_kasten-01-01\/\" class=\"wp-image-92\" srcset=\"https:\/\/www.grundeinkommen-ist-waehlbar.de\/2019-eu\/wp-content\/uploads\/sites\/7\/2019\/05\/DD_Wahlomat_Kasten-01-01.jpg 591w, https:\/\/www.grundeinkommen-ist-waehlbar.de\/2019-eu\/wp-content\/uploads\/sites\/7\/2019\/05\/DD_Wahlomat_Kasten-01-01-150x150.jpg 150w, https:\/\/www.grundeinkommen-ist-waehlbar.de\/2019-eu\/wp-content\/uploads\/sites\/7\/2019\/05\/DD_Wahlomat_Kasten-01-01-300x300.jpg 300w, https:\/\/www.grundeinkommen-ist-waehlbar.de\/2019-eu\/wp-content\/uploads\/sites\/7\/2019\/05\/DD_Wahlomat_Kasten-01-01-100x100.jpg 100w\" sizes=\"auto, (max-width: 591px) 100vw, 591px\" \/><\/figure><\/li><li class=\"blocks-gallery-item\"><figure><img loading=\"lazy\" decoding=\"async\" width=\"1024\" height=\"340\" src=\"http:\/\/www.grundeinkommen-ist-waehlbar.de\/2019-eu\/wp-content\/uploads\/sites\/7\/2019\/05\/https-_diem25.org_wp-content_themes_NewEdge-Child-Theme_images_logo-1024x340.png\" alt=\"\" data-id=\"93\" data-link=\"http:\/\/www.grundeinkommen-ist-waehlbar.de\/2019-eu\/parteien\/https-_diem25-org_wp-content_themes_newedge-child-theme_images_logo\/\" class=\"wp-image-93\" srcset=\"https:\/\/www.grundeinkommen-ist-waehlbar.de\/2019-eu\/wp-content\/uploads\/sites\/7\/2019\/05\/https-_diem25.org_wp-content_themes_NewEdge-Child-Theme_images_logo-1024x340.png 1024w, https:\/\/www.grundeinkommen-ist-waehlbar.de\/2019-eu\/wp-content\/uploads\/sites\/7\/2019\/05\/https-_diem25.org_wp-content_themes_NewEdge-Child-Theme_images_logo-300x100.png 300w, https:\/\/www.grundeinkommen-ist-waehlbar.de\/2019-eu\/wp-content\/uploads\/sites\/7\/2019\/05\/https-_diem25.org_wp-content_themes_NewEdge-Child-Theme_images_logo-768x255.png 768w, https:\/\/www.grundeinkommen-ist-waehlbar.de\/2019-eu\/wp-content\/uploads\/sites\/7\/2019\/05\/https-_diem25.org_wp-content_themes_NewEdge-Child-Theme_images_logo.png 1174w\" sizes=\"auto, (max-width: 706px) 89vw, (max-width: 767px) 82vw, 740px\" \/>&#8222;\/&gt;<figcaption><a href=\"http:\/\/www.grundeinkommen-ist-waehlbar.de\/2019-eu\/wp-content\/uploads\/sites\/7\/2019\/05\/DIEM25-EU-WAHL-2019.pdf\">Link<\/a><\/figcaption><\/figure><\/li><li class=\"blocks-gallery-item\"><figure><img loading=\"lazy\" decoding=\"async\" width=\"511\" height=\"250\" src=\"http:\/\/www.grundeinkommen-ist-waehlbar.de\/2019-eu\/wp-content\/uploads\/sites\/7\/2019\/05\/cropped-GrafikFB_Twitter-3.jpg\" alt=\"\" data-id=\"95\" data-link=\"http:\/\/www.grundeinkommen-ist-waehlbar.de\/2019-eu\/parteien\/cropped-grafikfb_twitter-3\/\" class=\"wp-image-95\" srcset=\"https:\/\/www.grundeinkommen-ist-waehlbar.de\/2019-eu\/wp-content\/uploads\/sites\/7\/2019\/05\/cropped-GrafikFB_Twitter-3.jpg 511w, https:\/\/www.grundeinkommen-ist-waehlbar.de\/2019-eu\/wp-content\/uploads\/sites\/7\/2019\/05\/cropped-GrafikFB_Twitter-3-300x147.jpg 300w\" sizes=\"auto, (max-width: 511px) 100vw, 511px\" \/><\/figure><\/li><li class=\"blocks-gallery-item\"><figure><img loading=\"lazy\" decoding=\"async\" width=\"335\" height=\"130\" src=\"http:\/\/www.grundeinkommen-ist-waehlbar.de\/2019-eu\/wp-content\/uploads\/sites\/7\/2019\/05\/Violetten-logo-Bund-online-klein-39240a94.png\" alt=\"\" data-id=\"97\" data-link=\"http:\/\/www.grundeinkommen-ist-waehlbar.de\/2019-eu\/parteien\/violetten-logo-bund-online-klein-39240a94\/\" class=\"wp-image-97\" srcset=\"https:\/\/www.grundeinkommen-ist-waehlbar.de\/2019-eu\/wp-content\/uploads\/sites\/7\/2019\/05\/Violetten-logo-Bund-online-klein-39240a94.png 335w, https:\/\/www.grundeinkommen-ist-waehlbar.de\/2019-eu\/wp-content\/uploads\/sites\/7\/2019\/05\/Violetten-logo-Bund-online-klein-39240a94-300x116.png 300w\" sizes=\"auto, (max-width: 335px) 100vw, 335px\" \/><figcaption><a href=\"http:\/\/www.grundeinkommen-ist-waehlbar.de\/2019-eu\/wp-content\/uploads\/sites\/7\/2019\/05\/DIE-VIOLETTEN-EU-WAHL-2019.pdf\">Link<\/a><\/figcaption><\/figure><\/li><li class=\"blocks-gallery-item\"><figure><img loading=\"lazy\" decoding=\"async\" width=\"200\" height=\"70\" src=\"http:\/\/www.grundeinkommen-ist-waehlbar.de\/2019-eu\/wp-content\/uploads\/sites\/7\/2019\/05\/cropped-LOGO_NEW_black_big-1-e1557308103793.png\" alt=\"\" data-id=\"98\" data-link=\"http:\/\/www.grundeinkommen-ist-waehlbar.de\/2019-eu\/parteien\/cropped-logo_new_black_big-1-e1557308103793\/\" class=\"wp-image-98\"><\/figure><\/li><li class=\"blocks-gallery-item\"><figure><img loading=\"lazy\" decoding=\"async\" width=\"390\" height=\"390\" src=\"http:\/\/www.grundeinkommen-ist-waehlbar.de\/2019-eu\/wp-content\/uploads\/sites\/7\/2019\/05\/http-_www.redglobe.org_images_1default_feministische-partei-die-frauen-logo.png\" alt=\"\" data-id=\"99\" data-link=\"http:\/\/www.grundeinkommen-ist-waehlbar.de\/2019-eu\/parteien\/http-_www-redglobe-org_images_1default_feministische-partei-die-frauen-logo\/\" class=\"wp-image-99\" srcset=\"https:\/\/www.grundeinkommen-ist-waehlbar.de\/2019-eu\/wp-content\/uploads\/sites\/7\/2019\/05\/http-_www.redglobe.org_images_1default_feministische-partei-die-frauen-logo.png 390w, https:\/\/www.grundeinkommen-ist-waehlbar.de\/2019-eu\/wp-content\/uploads\/sites\/7\/2019\/05\/http-_www.redglobe.org_images_1default_feministische-partei-die-frauen-logo-150x150.png 150w, https:\/\/www.grundeinkommen-ist-waehlbar.de\/2019-eu\/wp-content\/uploads\/sites\/7\/2019\/05\/http-_www.redglobe.org_images_1default_feministische-partei-die-frauen-logo-300x300.png 300w, https:\/\/www.grundeinkommen-ist-waehlbar.de\/2019-eu\/wp-content\/uploads\/sites\/7\/2019\/05\/http-_www.redglobe.org_images_1default_feministische-partei-die-frauen-logo-100x100.png 100w\" sizes=\"auto, (max-width: 390px) 100vw, 390px\" \/><\/figure><\/li><li class=\"blocks-gallery-item\"><figure><img loading=\"lazy\" decoding=\"async\" width=\"664\" height=\"390\" src=\"http:\/\/www.grundeinkommen-ist-waehlbar.de\/2019-eu\/wp-content\/uploads\/sites\/7\/2019\/05\/https-_upload.wikimedia.org_wikipedia_de_thumb_d_d7_Grauelogo.svg_1200px-Grauelogo.svg_.png\" alt=\"\" data-id=\"100\" data-link=\"http:\/\/www.grundeinkommen-ist-waehlbar.de\/2019-eu\/parteien\/https-_upload-wikimedia-org_wikipedia_de_thumb_d_d7_grauelogo-svg_1200px-grauelogo-svg\/\" class=\"wp-image-100\" srcset=\"https:\/\/www.grundeinkommen-ist-waehlbar.de\/2019-eu\/wp-content\/uploads\/sites\/7\/2019\/05\/https-_upload.wikimedia.org_wikipedia_de_thumb_d_d7_Grauelogo.svg_1200px-Grauelogo.svg_.png 664w, https:\/\/www.grundeinkommen-ist-waehlbar.de\/2019-eu\/wp-content\/uploads\/sites\/7\/2019\/05\/https-_upload.wikimedia.org_wikipedia_de_thumb_d_d7_Grauelogo.svg_1200px-Grauelogo.svg_-300x176.png 300w\" sizes=\"auto, (max-width: 664px) 100vw, 664px\" \/><\/figure><\/li><li class=\"blocks-gallery-item\"><figure><img loading=\"lazy\" decoding=\"async\" width=\"471\" height=\"390\" src=\"http:\/\/www.grundeinkommen-ist-waehlbar.de\/2019-eu\/wp-content\/uploads\/sites\/7\/2019\/05\/https-_lkr.de_wp-content_uploads_2017_11_LKR_Logo_Unterzeile_150x181.png\" alt=\"\" data-id=\"101\" data-link=\"http:\/\/www.grundeinkommen-ist-waehlbar.de\/2019-eu\/parteien\/https-_lkr-de_wp-content_uploads_2017_11_lkr_logo_unterzeile_150x181\/\" class=\"wp-image-101\" srcset=\"https:\/\/www.grundeinkommen-ist-waehlbar.de\/2019-eu\/wp-content\/uploads\/sites\/7\/2019\/05\/https-_lkr.de_wp-content_uploads_2017_11_LKR_Logo_Unterzeile_150x181.png 471w, https:\/\/www.grundeinkommen-ist-waehlbar.de\/2019-eu\/wp-content\/uploads\/sites\/7\/2019\/05\/https-_lkr.de_wp-content_uploads_2017_11_LKR_Logo_Unterzeile_150x181-300x248.png 300w\" sizes=\"auto, (max-width: 471px) 100vw, 471px\" \/><figcaption><a href=\"http:\/\/www.grundeinkommen-ist-waehlbar.de\/2019-eu\/wp-content\/uploads\/sites\/7\/2019\/05\/LKR-EU-WAHL-2019.pdf\">Link<\/a><\/figcaption><\/figure><\/li><li class=\"blocks-gallery-item\"><figure><img loading=\"lazy\" decoding=\"async\" width=\"550\" height=\"390\" src=\"http:\/\/www.grundeinkommen-ist-waehlbar.de\/2019-eu\/wp-content\/uploads\/sites\/7\/2019\/05\/https-_upload.wikimedia.org_wikipedia_commons_thumb_1_13_Menschliche_Welt_Logo.jpg_220px-Menschliche_Welt_Logo.jpg\" alt=\"\" data-id=\"102\" data-link=\"http:\/\/www.grundeinkommen-ist-waehlbar.de\/2019-eu\/parteien\/https-_upload-wikimedia-org_wikipedia_commons_thumb_1_13_menschliche_welt_logo-jpg_220px-menschliche_welt_logo\/\" class=\"wp-image-102\" srcset=\"https:\/\/www.grundeinkommen-ist-waehlbar.de\/2019-eu\/wp-content\/uploads\/sites\/7\/2019\/05\/https-_upload.wikimedia.org_wikipedia_commons_thumb_1_13_Menschliche_Welt_Logo.jpg_220px-Menschliche_Welt_Logo.jpg 550w, https:\/\/www.grundeinkommen-ist-waehlbar.de\/2019-eu\/wp-content\/uploads\/sites\/7\/2019\/05\/https-_upload.wikimedia.org_wikipedia_commons_thumb_1_13_Menschliche_Welt_Logo.jpg_220px-Menschliche_Welt_Logo-300x213.jpg 300w\" sizes=\"auto, (max-width: 550px) 100vw, 550px\" \/><figcaption><a href=\"http:\/\/www.grundeinkommen-ist-waehlbar.de\/2019-eu\/wp-content\/uploads\/sites\/7\/2019\/05\/MENSCHLICHE-WELT-EU-WAHL-2019.pdf\">Link<\/a><\/figcaption><\/figure><\/li><li class=\"blocks-gallery-item\"><figure><img loading=\"lazy\" decoding=\"async\" width=\"376\" height=\"390\" src=\"http:\/\/www.grundeinkommen-ist-waehlbar.de\/2019-eu\/wp-content\/uploads\/sites\/7\/2019\/05\/http-_www.ld-oberhausen.de_Logo1.jpg\" alt=\"\" data-id=\"103\" data-link=\"http:\/\/www.grundeinkommen-ist-waehlbar.de\/2019-eu\/parteien\/http-_www-ld-oberhausen-de_logo1\/\" class=\"wp-image-103\" srcset=\"https:\/\/www.grundeinkommen-ist-waehlbar.de\/2019-eu\/wp-content\/uploads\/sites\/7\/2019\/05\/http-_www.ld-oberhausen.de_Logo1.jpg 376w, https:\/\/www.grundeinkommen-ist-waehlbar.de\/2019-eu\/wp-content\/uploads\/sites\/7\/2019\/05\/http-_www.ld-oberhausen.de_Logo1-289x300.jpg 289w\" sizes=\"auto, (max-width: 376px) 100vw, 376px\" \/><\/figure><\/li><li class=\"blocks-gallery-item\"><figure><img loading=\"lazy\" decoding=\"async\" width=\"616\" height=\"390\" src=\"http:\/\/www.grundeinkommen-ist-waehlbar.de\/2019-eu\/wp-content\/uploads\/sites\/7\/2019\/05\/https-_upload.wikimedia.org_wikipedia_de_thumb_9_92_C396kologische_linke_parteilogo.svg_120px-C396kologische_linke_parteilogo.svg_.png\" alt=\"\" data-id=\"104\" data-link=\"http:\/\/www.grundeinkommen-ist-waehlbar.de\/2019-eu\/parteien\/https-_upload-wikimedia-org_wikipedia_de_thumb_9_92_%c3%96kologische_linke_parteilogo-svg_120px-%c3%96kologische_linke_parteilogo-svg\/\" class=\"wp-image-104\" srcset=\"https:\/\/www.grundeinkommen-ist-waehlbar.de\/2019-eu\/wp-content\/uploads\/sites\/7\/2019\/05\/https-_upload.wikimedia.org_wikipedia_de_thumb_9_92_C396kologische_linke_parteilogo.svg_120px-C396kologische_linke_parteilogo.svg_.png 616w, https:\/\/www.grundeinkommen-ist-waehlbar.de\/2019-eu\/wp-content\/uploads\/sites\/7\/2019\/05\/https-_upload.wikimedia.org_wikipedia_de_thumb_9_92_C396kologische_linke_parteilogo.svg_120px-C396kologische_linke_parteilogo.svg_-300x190.png 300w\" sizes=\"auto, (max-width: 616px) 100vw, 616px\" \/><\/figure><\/li><li class=\"blocks-gallery-item\"><figure><img loading=\"lazy\" decoding=\"async\" width=\"693\" height=\"390\" src=\"http:\/\/www.grundeinkommen-ist-waehlbar.de\/2019-eu\/wp-content\/uploads\/sites\/7\/2019\/05\/https-_www.tagesschau.de_multimedia_bilder_die-humanisten-101_v-videowebl.jpg\" alt=\"\" data-id=\"105\" data-link=\"http:\/\/www.grundeinkommen-ist-waehlbar.de\/2019-eu\/parteien\/https-_www-tagesschau-de_multimedia_bilder_die-humanisten-101_v-videowebl\/\" class=\"wp-image-105\" srcset=\"https:\/\/www.grundeinkommen-ist-waehlbar.de\/2019-eu\/wp-content\/uploads\/sites\/7\/2019\/05\/https-_www.tagesschau.de_multimedia_bilder_die-humanisten-101_v-videowebl.jpg 693w, https:\/\/www.grundeinkommen-ist-waehlbar.de\/2019-eu\/wp-content\/uploads\/sites\/7\/2019\/05\/https-_www.tagesschau.de_multimedia_bilder_die-humanisten-101_v-videowebl-300x169.jpg 300w\" sizes=\"auto, (max-width: 693px) 100vw, 693px\" \/><figcaption><a href=\"http:\/\/www.grundeinkommen-ist-waehlbar.de\/2019-eu\/wp-content\/uploads\/sites\/7\/2019\/05\/DIE-HUMANISTEN-EU-WAHL-2019.pdf\">Link<\/a><\/figcaption><\/figure><\/li><li class=\"blocks-gallery-item\"><figure><img loading=\"lazy\" decoding=\"async\" width=\"585\" height=\"390\" src=\"http:\/\/www.grundeinkommen-ist-waehlbar.de\/2019-eu\/wp-content\/uploads\/sites\/7\/2019\/05\/http-_avegantisch.de_wp-content_uploads_2016_09_pfdt.jpg\" alt=\"\" data-id=\"106\" data-link=\"http:\/\/www.grundeinkommen-ist-waehlbar.de\/2019-eu\/parteien\/http-_avegantisch-de_wp-content_uploads_2016_09_pfdt\/\" class=\"wp-image-106\" srcset=\"https:\/\/www.grundeinkommen-ist-waehlbar.de\/2019-eu\/wp-content\/uploads\/sites\/7\/2019\/05\/http-_avegantisch.de_wp-content_uploads_2016_09_pfdt.jpg 585w, https:\/\/www.grundeinkommen-ist-waehlbar.de\/2019-eu\/wp-content\/uploads\/sites\/7\/2019\/05\/http-_avegantisch.de_wp-content_uploads_2016_09_pfdt-300x200.jpg 300w\" sizes=\"auto, (max-width: 585px) 100vw, 585px\" \/><\/figure><\/li><li class=\"blocks-gallery-item\"><figure><img loading=\"lazy\" decoding=\"async\" width=\"613\" height=\"390\" src=\"http:\/\/www.grundeinkommen-ist-waehlbar.de\/2019-eu\/wp-content\/uploads\/sites\/7\/2019\/05\/http-_deutschlandwaehlt.de_wp-content_uploads_2017_07_logo_Gesundheitsforschung_2017-300x191.jpg\" alt=\"\" data-id=\"107\" data-link=\"http:\/\/www.grundeinkommen-ist-waehlbar.de\/2019-eu\/parteien\/http-_deutschlandwaehlt-de_wp-content_uploads_2017_07_logo_gesundheitsforschung_2017-300x191\/\" class=\"wp-image-107\" srcset=\"https:\/\/www.grundeinkommen-ist-waehlbar.de\/2019-eu\/wp-content\/uploads\/sites\/7\/2019\/05\/http-_deutschlandwaehlt.de_wp-content_uploads_2017_07_logo_Gesundheitsforschung_2017-300x191.jpg 613w, https:\/\/www.grundeinkommen-ist-waehlbar.de\/2019-eu\/wp-content\/uploads\/sites\/7\/2019\/05\/http-_deutschlandwaehlt.de_wp-content_uploads_2017_07_logo_Gesundheitsforschung_2017-300x191-300x191.jpg 300w\" sizes=\"auto, (max-width: 613px) 100vw, 613px\" \/><\/figure><\/li><li class=\"blocks-gallery-item\"><figure><img loading=\"lazy\" decoding=\"async\" width=\"392\" height=\"390\" src=\"http:\/\/www.grundeinkommen-ist-waehlbar.de\/2019-eu\/wp-content\/uploads\/sites\/7\/2019\/05\/https-_upload.wikimedia.org_wikipedia_commons_thumb_9_94_Logo_Volt_Europa.png_200px-Logo_Volt_Europa.png\" alt=\"\" data-id=\"108\" data-link=\"http:\/\/www.grundeinkommen-ist-waehlbar.de\/2019-eu\/parteien\/https-_upload-wikimedia-org_wikipedia_commons_thumb_9_94_logo_volt_europa-png_200px-logo_volt_europa\/\" class=\"wp-image-108\" srcset=\"https:\/\/www.grundeinkommen-ist-waehlbar.de\/2019-eu\/wp-content\/uploads\/sites\/7\/2019\/05\/https-_upload.wikimedia.org_wikipedia_commons_thumb_9_94_Logo_Volt_Europa.png_200px-Logo_Volt_Europa.png 392w, https:\/\/www.grundeinkommen-ist-waehlbar.de\/2019-eu\/wp-content\/uploads\/sites\/7\/2019\/05\/https-_upload.wikimedia.org_wikipedia_commons_thumb_9_94_Logo_Volt_Europa.png_200px-Logo_Volt_Europa-150x150.png 150w, https:\/\/www.grundeinkommen-ist-waehlbar.de\/2019-eu\/wp-content\/uploads\/sites\/7\/2019\/05\/https-_upload.wikimedia.org_wikipedia_commons_thumb_9_94_Logo_Volt_Europa.png_200px-Logo_Volt_Europa-300x298.png 300w, https:\/\/www.grundeinkommen-ist-waehlbar.de\/2019-eu\/wp-content\/uploads\/sites\/7\/2019\/05\/https-_upload.wikimedia.org_wikipedia_commons_thumb_9_94_Logo_Volt_Europa.png_200px-Logo_Volt_Europa-100x100.png 100w\" sizes=\"auto, (max-width: 392px) 100vw, 392px\" \/><figcaption><a href=\"http:\/\/www.grundeinkommen-ist-waehlbar.de\/2019-eu\/wp-content\/uploads\/sites\/7\/2019\/05\/VOLT-EU-WAHL-2019.pdf\">Link<\/a><\/figcaption><\/figure><\/li><\/ul>\n","protected":false},"excerpt":{"rendered":"<p>Das Netzwerk Grundeinkommen hat an der Wahl zum Europ\u00e4ischen Parlament angetretenen Parteien und politischen Vereinigungen Wahlpr\u00fcfsteine zugeschickt. Wir haben mit den Wahlpr\u00fcfsteinen zur Europawahl 2019 die gleichen Fragen an Parteien aus Deutschland gestellt, die sich zur Europawahl dem W\u00e4hler stellen \u2013 mit Ausnahme von rechtsextremistischen bzw. rassistischen Parteien. 15 Parteien haben auf unsere Anfrage mit &hellip; <\/p>\n<p class=\"link-more\"><a href=\"https:\/\/www.grundeinkommen-ist-waehlbar.de\/2019-eu\/parteien\/\" class=\"more-link\"><span class=\"screen-reader-text\">\u201eParteien\u201c <\/span>weiterlesen<\/a><\/p>\n","protected":false},"author":1,"featured_media":0,"parent":0,"menu_order":0,"comment_status":"closed","ping_status":"closed","template":"","meta":{"footnotes":""},"class_list":["post-37","page","type-page","status-publish","hentry"],"_links":{"self":[{"href":"https:\/\/www.grundeinkommen-ist-waehlbar.de\/2019-eu\/wp-json\/wp\/v2\/pages\/37","targetHints":{"allow":["GET"]}}],"collection":[{"href":"https:\/\/www.grundeinkommen-ist-waehlbar.de\/2019-eu\/wp-json\/wp\/v2\/pages"}],"about":[{"href":"https:\/\/www.grundeinkommen-ist-waehlbar.de\/2019-eu\/wp-json\/wp\/v2\/types\/page"}],"author":[{"embeddable":true,"href":"https:\/\/www.grundeinkommen-ist-waehlbar.de\/2019-eu\/wp-json\/wp\/v2\/users\/1"}],"replies":[{"embeddable":true,"href":"https:\/\/www.grundeinkommen-ist-waehlbar.de\/2019-eu\/wp-json\/wp\/v2\/comments?post=37"}],"version-history":[{"count":29,"href":"https:\/\/www.grundeinkommen-ist-waehlbar.de\/2019-eu\/wp-json\/wp\/v2\/pages\/37\/revisions"}],"predecessor-version":[{"id":169,"href":"https:\/\/www.grundeinkommen-ist-waehlbar.de\/2019-eu\/wp-json\/wp\/v2\/pages\/37\/revisions\/169"}],"wp:attachment":[{"href":"https:\/\/www.grundeinkommen-ist-waehlbar.de\/2019-eu\/wp-json\/wp\/v2\/media?parent=37"}],"curies":[{"name":"wp","href":"https:\/\/api.w.org\/{rel}","templated":true}]}}