{"id":46,"date":"2019-07-20T11:28:21","date_gmt":"2019-07-20T09:28:21","guid":{"rendered":"http:\/\/www.grundeinkommen-ist-waehlbar.de\/2019-sn\/?page_id=46"},"modified":"2019-07-20T11:28:21","modified_gmt":"2019-07-20T09:28:21","slug":"kandidierende","status":"publish","type":"page","link":"https:\/\/www.grundeinkommen-ist-waehlbar.de\/2019-sn\/kandidierende\/","title":{"rendered":"Kandidierende"},"content":{"rendered":"\n<p>Gibt es in Ihrem Wahlkreis eine\/n Kandidierenden, der\/die sich f\u00fcr ein bedingungsloses Grundeinkommen ausspricht? Wo k\u00f6nnen Sie Grundeinkommen w\u00e4hlen? Hier werden nur Wahlkreise angezeigt, in denen mindestens ein\/e Kandidat\/in f\u00fcr das Grundeinkommen ist. Finden Sie Kandidierende, indem Sie den entsprechenden Wahlkreis anklicken:<\/p>\n\n\n\t<li class=\"cat-item cat-item-25\"><a href=\"https:\/\/www.grundeinkommen-ist-waehlbar.de\/2019-sn\/wahlkreis\/03-vogtland-3\/\">03 Vogtland 3<\/a>\n<\/li>\n\t<li class=\"cat-item cat-item-46\"><a href=\"https:\/\/www.grundeinkommen-ist-waehlbar.de\/2019-sn\/wahlkreis\/24-leipzig-land-2\/\">24 Leipzig Land 2<\/a>\n<\/li>\n\t<li class=\"cat-item cat-item-50\"><a href=\"https:\/\/www.grundeinkommen-ist-waehlbar.de\/2019-sn\/wahlkreis\/28-leipzig-2\/\">28 Leipzig 2<\/a>\n<\/li>\n\t<li class=\"cat-item cat-item-51\"><a href=\"https:\/\/www.grundeinkommen-ist-waehlbar.de\/2019-sn\/wahlkreis\/29-leipzig-3\/\">29 Leipzig 3<\/a>\n<\/li>\n\t<li class=\"cat-item cat-item-52\"><a href=\"https:\/\/www.grundeinkommen-ist-waehlbar.de\/2019-sn\/wahlkreis\/30-leipzig-4\/\">30 Leipzig 4<\/a>\n<\/li>\n\t<li class=\"cat-item cat-item-58\"><a href=\"https:\/\/www.grundeinkommen-ist-waehlbar.de\/2019-sn\/wahlkreis\/36-nordsachsen-3\/\">36 Nordsachsen 3<\/a>\n<\/li>\n\t<li class=\"cat-item cat-item-62\"><a href=\"https:\/\/www.grundeinkommen-ist-waehlbar.de\/2019-sn\/wahlkreis\/40-meissen-4\/\">40 Mei\u00dfen 4<\/a>\n<\/li>\n\t<li class=\"cat-item cat-item-67\"><a href=\"https:\/\/www.grundeinkommen-ist-waehlbar.de\/2019-sn\/wahlkreis\/45-dresden-5\/\">45 Dresden 5<\/a>\n<\/li>\n\t<li class=\"cat-item cat-item-76\"><a href=\"https:\/\/www.grundeinkommen-ist-waehlbar.de\/2019-sn\/wahlkreis\/54-bautzen-3\/\">54 Bautzen 3<\/a>\n<\/li>\n\t<li class=\"cat-item cat-item-79\"><a href=\"https:\/\/www.grundeinkommen-ist-waehlbar.de\/2019-sn\/wahlkreis\/57-goerlitz-1\/\">57 G\u00f6rlitz 1<\/a>\n<\/li>\n\t<li class=\"cat-item cat-item-80\"><a href=\"https:\/\/www.grundeinkommen-ist-waehlbar.de\/2019-sn\/wahlkreis\/58-goerlitz-2\/\">58 G\u00f6rlitz 2<\/a>\n<\/li>\n\n","protected":false},"excerpt":{"rendered":"<p>Gibt es in Ihrem Wahlkreis eine\/n Kandidierenden, der\/die sich f\u00fcr ein bedingungsloses Grundeinkommen ausspricht? Wo k\u00f6nnen Sie Grundeinkommen w\u00e4hlen? Hier werden nur Wahlkreise angezeigt, in denen mindestens ein\/e Kandidat\/in f\u00fcr das Grundeinkommen ist. Finden Sie Kandidierende, indem Sie den entsprechenden Wahlkreis anklicken:<\/p>\n","protected":false},"author":1,"featured_media":0,"parent":0,"menu_order":0,"comment_status":"closed","ping_status":"closed","template":"","meta":{"footnotes":""},"class_list":["post-46","page","type-page","status-publish","hentry"],"_links":{"self":[{"href":"https:\/\/www.grundeinkommen-ist-waehlbar.de\/2019-sn\/wp-json\/wp\/v2\/pages\/46","targetHints":{"allow":["GET"]}}],"collection":[{"href":"https:\/\/www.grundeinkommen-ist-waehlbar.de\/2019-sn\/wp-json\/wp\/v2\/pages"}],"about":[{"href":"https:\/\/www.grundeinkommen-ist-waehlbar.de\/2019-sn\/wp-json\/wp\/v2\/types\/page"}],"author":[{"embeddable":true,"href":"https:\/\/www.grundeinkommen-ist-waehlbar.de\/2019-sn\/wp-json\/wp\/v2\/users\/1"}],"replies":[{"embeddable":true,"href":"https:\/\/www.grundeinkommen-ist-waehlbar.de\/2019-sn\/wp-json\/wp\/v2\/comments?post=46"}],"version-history":[{"count":1,"href":"https:\/\/www.grundeinkommen-ist-waehlbar.de\/2019-sn\/wp-json\/wp\/v2\/pages\/46\/revisions"}],"predecessor-version":[{"id":47,"href":"https:\/\/www.grundeinkommen-ist-waehlbar.de\/2019-sn\/wp-json\/wp\/v2\/pages\/46\/revisions\/47"}],"wp:attachment":[{"href":"https:\/\/www.grundeinkommen-ist-waehlbar.de\/2019-sn\/wp-json\/wp\/v2\/media?parent=46"}],"curies":[{"name":"wp","href":"https:\/\/api.w.org\/{rel}","templated":true}]}}