{"id":106,"date":"2022-04-12T11:11:46","date_gmt":"2022-04-12T09:11:46","guid":{"rendered":"https:\/\/www.grundeinkommen-ist-waehlbar.de\/2022-nw\/?post_type=kandidierende&#038;p=106"},"modified":"2022-04-12T11:11:49","modified_gmt":"2022-04-12T09:11:49","slug":"johanna-nelkner","status":"publish","type":"kandidierende","link":"https:\/\/www.grundeinkommen-ist-waehlbar.de\/2022-nw\/kandidierende\/johanna-nelkner\/","title":{"rendered":"Johanna Nelkner"},"content":{"rendered":"<p>Im Grundeinkommen sehe ich eine Stellschraube, mit der wir unsere Gesellschaft grundlegend und positiv ver\u00e4ndern k\u00f6nnen. Die Auswirkungen, die ich mir vom existenzsichernden Grundeinkommen verspreche, sind unter anderem mehr Innovationen und Gr\u00fcndungen von Tech- und Impact-StartUps, einen R\u00fcckgang von psychischen Erkrankungen, mehr ehrenamtliches Engagement und nicht zuletzt Entlastung von Familien. Das haben Modellversuche bereits deutlich gezeigt.<br \/>\nPers\u00f6nlich bin ich seit Jahren Crowdh\u00f6rnchen bei mein-grundeinkommen.de. Meine Einstellung zum Grundeinkommen flie\u00dft in mein Engagement bei den Lobbyisten f\u00fcr Kinder, Jugendliche und Familien ein.<\/p>\n","protected":false},"featured_media":107,"template":"","art_der_kandidatur":[3],"partei":[159],"wahlkreis":[97],"class_list":["post-106","kandidierende","type-kandidierende","status-publish","has-post-thumbnail","hentry","art_der_kandidatur-listkandidatin","partei-lfk","wahlkreis-092-bielefeld-i"],"_links":{"self":[{"href":"https:\/\/www.grundeinkommen-ist-waehlbar.de\/2022-nw\/wp-json\/wp\/v2\/kandidierende\/106","targetHints":{"allow":["GET"]}}],"collection":[{"href":"https:\/\/www.grundeinkommen-ist-waehlbar.de\/2022-nw\/wp-json\/wp\/v2\/kandidierende"}],"about":[{"href":"https:\/\/www.grundeinkommen-ist-waehlbar.de\/2022-nw\/wp-json\/wp\/v2\/types\/kandidierende"}],"wp:featuredmedia":[{"embeddable":true,"href":"https:\/\/www.grundeinkommen-ist-waehlbar.de\/2022-nw\/wp-json\/wp\/v2\/media\/107"}],"wp:attachment":[{"href":"https:\/\/www.grundeinkommen-ist-waehlbar.de\/2022-nw\/wp-json\/wp\/v2\/media?parent=106"}],"wp:term":[{"taxonomy":"art_der_kandidatur","embeddable":true,"href":"https:\/\/www.grundeinkommen-ist-waehlbar.de\/2022-nw\/wp-json\/wp\/v2\/art_der_kandidatur?post=106"},{"taxonomy":"partei","embeddable":true,"href":"https:\/\/www.grundeinkommen-ist-waehlbar.de\/2022-nw\/wp-json\/wp\/v2\/partei?post=106"},{"taxonomy":"wahlkreis","embeddable":true,"href":"https:\/\/www.grundeinkommen-ist-waehlbar.de\/2022-nw\/wp-json\/wp\/v2\/wahlkreis?post=106"}],"curies":[{"name":"wp","href":"https:\/\/api.w.org\/{rel}","templated":true}]}}