{"id":113,"date":"2022-04-13T12:13:26","date_gmt":"2022-04-13T10:13:26","guid":{"rendered":"https:\/\/www.grundeinkommen-ist-waehlbar.de\/2022-nw\/?post_type=kandidierende&#038;p=113"},"modified":"2022-04-13T12:13:29","modified_gmt":"2022-04-13T10:13:29","slug":"heinz-juergen-charly-hoerster","status":"publish","type":"kandidierende","link":"https:\/\/www.grundeinkommen-ist-waehlbar.de\/2022-nw\/kandidierende\/heinz-juergen-charly-hoerster\/","title":{"rendered":"Heinz-J\u00fcrgen (Charly) H\u00f6rster"},"content":{"rendered":"<p>Guten Tag,<\/p>\n<p>ich k\u00e4mpfe schon seit 2007 f\u00fcr das Bedingungslose Grundeinkommen nach obigen Grunds\u00e4tzen und habe den Beitrag &#8222;Chancen und Risiken f\u00fcr einen humanistischen Bildungsansatz&#8220; zu dem Buch &#8222;Digitalisierung? Gruneinkommen!&#8220; verfasst. Ich halte immer wieder Vortr\u00e4ge zum BGE und sitze auf Podien, wann immer ich dazu eingeladen werde.<br \/>\nWir haben allen Grund f\u00fcr die Einf\u00fchrung eines bedingungsloses Grundeinkommens, denn jeder und jede sollte \u00fcber ein Einkommen verf\u00fcgen, dass jedem Menschen erm\u00f6glicht, frei seine F\u00e4higkeiten zu entwickeln und zu entfalten und damit sich und die Geselllschaft in jeder Hinsicht reicher zu machen!<\/p>\n","protected":false},"featured_media":114,"template":"","art_der_kandidatur":[4],"partei":[151],"wahlkreis":[30],"class_list":["post-113","kandidierende","type-kandidierende","status-publish","has-post-thumbnail","hentry","art_der_kandidatur-direktkandidatin","partei-die-basis","wahlkreis-026-rhein-sieg-kreis-ii"],"_links":{"self":[{"href":"https:\/\/www.grundeinkommen-ist-waehlbar.de\/2022-nw\/wp-json\/wp\/v2\/kandidierende\/113","targetHints":{"allow":["GET"]}}],"collection":[{"href":"https:\/\/www.grundeinkommen-ist-waehlbar.de\/2022-nw\/wp-json\/wp\/v2\/kandidierende"}],"about":[{"href":"https:\/\/www.grundeinkommen-ist-waehlbar.de\/2022-nw\/wp-json\/wp\/v2\/types\/kandidierende"}],"wp:featuredmedia":[{"embeddable":true,"href":"https:\/\/www.grundeinkommen-ist-waehlbar.de\/2022-nw\/wp-json\/wp\/v2\/media\/114"}],"wp:attachment":[{"href":"https:\/\/www.grundeinkommen-ist-waehlbar.de\/2022-nw\/wp-json\/wp\/v2\/media?parent=113"}],"wp:term":[{"taxonomy":"art_der_kandidatur","embeddable":true,"href":"https:\/\/www.grundeinkommen-ist-waehlbar.de\/2022-nw\/wp-json\/wp\/v2\/art_der_kandidatur?post=113"},{"taxonomy":"partei","embeddable":true,"href":"https:\/\/www.grundeinkommen-ist-waehlbar.de\/2022-nw\/wp-json\/wp\/v2\/partei?post=113"},{"taxonomy":"wahlkreis","embeddable":true,"href":"https:\/\/www.grundeinkommen-ist-waehlbar.de\/2022-nw\/wp-json\/wp\/v2\/wahlkreis?post=113"}],"curies":[{"name":"wp","href":"https:\/\/api.w.org\/{rel}","templated":true}]}}