{"id":129,"date":"2022-04-26T21:44:42","date_gmt":"2022-04-26T19:44:42","guid":{"rendered":"https:\/\/www.grundeinkommen-ist-waehlbar.de\/2022-nw\/?post_type=kandidierende&#038;p=129"},"modified":"2022-04-26T21:44:45","modified_gmt":"2022-04-26T19:44:45","slug":"nancy-meyer","status":"publish","type":"kandidierende","link":"https:\/\/www.grundeinkommen-ist-waehlbar.de\/2022-nw\/kandidierende\/nancy-meyer\/","title":{"rendered":"Nancy Meyer"},"content":{"rendered":"<p>Ich unterst\u00fctze die Forderungen nach einem Grundeinkommen, welches sich jedoch solidarisch ausrichtet und nicht f\u00fcr alle gleich ausgezahlt wird, daf\u00fcr hat sich Volt eine Reform der Einkommenssteuer \u00fcberlegt. Wir wollen eine solidarische Einkommensteuer erarbeiten, die auf dem Konzept einer negativen Einkommensteuer basiert. Hierbei wollen wir den Einkommensteuersatz unterhalb der Armutsgrenze negativ gestalten, so dass allen B\u00fcrger*innen eine bedingungslose Grundsicherung zuteilwird.<br \/>\nVon Beruf bin ich Lehrerin an einer Gesamtschule und bin tagt\u00e4glich mit Kindern zusammen, deren Familien oft das N\u00f6tigste fehlt und sie trotz St\u00fctze und Unterst\u00fctzung ihrem Kind nur wenig bieten k\u00f6nnen. Diese Benachteiligung f\u00fchrt zu einer Benachteiligung bei Bildungschancen. Dies k\u00f6nnte eine solidarische Einkommenssteuer auffangen und den Kindern mehr Zeit zum Lernen geben und den Eltern weniger Sorgen zur Bew\u00e4ltigung der allt\u00e4glichen Dinge.<br \/>\nIch bin Landtagskandidatin f\u00fcr Volt NRW und meine Themenschwerpunkte sind Bildung und politisch aktive B\u00fcrgerschaft. Deshalb unterst\u00fctze ich die Initiative des Netzwerkes Grundeinkommen.<\/p>\n","protected":false},"featured_media":130,"template":"","art_der_kandidatur":[4,3],"partei":[162],"wahlkreis":[120],"class_list":["post-129","kandidierende","type-kandidierende","status-publish","has-post-thumbnail","hentry","art_der_kandidatur-direktkandidatin","art_der_kandidatur-listkandidatin","partei-volt","wahlkreis-115-unna-i"],"_links":{"self":[{"href":"https:\/\/www.grundeinkommen-ist-waehlbar.de\/2022-nw\/wp-json\/wp\/v2\/kandidierende\/129","targetHints":{"allow":["GET"]}}],"collection":[{"href":"https:\/\/www.grundeinkommen-ist-waehlbar.de\/2022-nw\/wp-json\/wp\/v2\/kandidierende"}],"about":[{"href":"https:\/\/www.grundeinkommen-ist-waehlbar.de\/2022-nw\/wp-json\/wp\/v2\/types\/kandidierende"}],"wp:featuredmedia":[{"embeddable":true,"href":"https:\/\/www.grundeinkommen-ist-waehlbar.de\/2022-nw\/wp-json\/wp\/v2\/media\/130"}],"wp:attachment":[{"href":"https:\/\/www.grundeinkommen-ist-waehlbar.de\/2022-nw\/wp-json\/wp\/v2\/media?parent=129"}],"wp:term":[{"taxonomy":"art_der_kandidatur","embeddable":true,"href":"https:\/\/www.grundeinkommen-ist-waehlbar.de\/2022-nw\/wp-json\/wp\/v2\/art_der_kandidatur?post=129"},{"taxonomy":"partei","embeddable":true,"href":"https:\/\/www.grundeinkommen-ist-waehlbar.de\/2022-nw\/wp-json\/wp\/v2\/partei?post=129"},{"taxonomy":"wahlkreis","embeddable":true,"href":"https:\/\/www.grundeinkommen-ist-waehlbar.de\/2022-nw\/wp-json\/wp\/v2\/wahlkreis?post=129"}],"curies":[{"name":"wp","href":"https:\/\/api.w.org\/{rel}","templated":true}]}}